{"id":10286,"date":"2023-10-19T13:37:21","date_gmt":"2023-10-19T12:37:21","guid":{"rendered":"https:\/\/app.vfmg.ch\/?page_id=10286"},"modified":"2025-02-21T08:09:48","modified_gmt":"2025-02-21T07:09:48","slug":"unsere-gemeinden","status":"publish","type":"page","link":"https:\/\/www.vfmg.ch\/fr\/unsere-gemeinden\/","title":{"rendered":"Nos \u00e9glises"},"content":{"rendered":"<div data-elementor-type=\"wp-page\" data-elementor-id=\"10286\" class=\"elementor elementor-10286\" data-elementor-post-type=\"page\">\n\t\t\t\t<div class=\"elementor-element elementor-element-643d762 e-con-full e-flex e-con e-parent\" data-id=\"643d762\" data-element_type=\"container\">\n\t\t<div class=\"elementor-element elementor-element-d05b343 e-con-full e-flex e-con e-child\" data-id=\"d05b343\" data-element_type=\"container\">\n\t\t\t\t<\/div>\n\t\t<div class=\"elementor-element elementor-element-b041728 e-con-full container1 e-flex e-con e-child\" data-id=\"b041728\" data-element_type=\"container\">\n\t\t\t\t<div class=\"elementor-element elementor-element-093626a kenburns elementor-widget elementor-widget-theme-post-featured-image elementor-widget-image\" data-id=\"093626a\" data-element_type=\"widget\" data-settings=\"{&quot;motion_fx_motion_fx_scrolling&quot;:&quot;yes&quot;,&quot;motion_fx_devices&quot;:[&quot;desktop&quot;,&quot;tablet&quot;,&quot;mobile&quot;]}\" data-widget_type=\"theme-post-featured-image.default\">\n\t\t\t\t<div class=\"elementor-widget-container\">\n\t\t\t\t\t\t\t\t\t\t\t\t\t\t\t<img fetchpriority=\"high\" decoding=\"async\" width=\"1200\" height=\"400\" src=\"https:\/\/www.vfmg.ch\/wp-content\/uploads\/2024\/01\/menue_foto_ueber_uns.jpg\" class=\"attachment-full size-full wp-image-12548\" alt=\"\" srcset=\"https:\/\/www.vfmg.ch\/wp-content\/uploads\/2024\/01\/menue_foto_ueber_uns.jpg 1200w, https:\/\/www.vfmg.ch\/wp-content\/uploads\/2024\/01\/menue_foto_ueber_uns-300x100.jpg 300w, https:\/\/www.vfmg.ch\/wp-content\/uploads\/2024\/01\/menue_foto_ueber_uns-1024x341.jpg 1024w, https:\/\/www.vfmg.ch\/wp-content\/uploads\/2024\/01\/menue_foto_ueber_uns-768x256.jpg 768w, https:\/\/www.vfmg.ch\/wp-content\/uploads\/2024\/01\/menue_foto_ueber_uns-18x6.jpg 18w\" sizes=\"(max-width: 1200px) 100vw, 1200px\" \/>\t\t\t\t\t\t\t\t\t\t\t\t\t\t\t<\/div>\n\t\t\t\t<\/div>\n\t\t\t\t<\/div>\n\t\t<div class=\"elementor-element elementor-element-9d7a5a7 e-con-full e-flex e-con e-child\" data-id=\"9d7a5a7\" data-element_type=\"container\">\n\t\t\t\t<\/div>\n\t\t<div class=\"elementor-element elementor-element-d9c19b3 e-con-full elementor-hidden-mobile e-flex e-con e-child\" data-id=\"d9c19b3\" data-element_type=\"container\">\n\t\t\t\t<\/div>\n\t\t\t\t<div class=\"e-add-querytype-post e-add-queryskin-maps elementor-element elementor-element-0070a10 e-add-posts-layout-overlay elementor-widget__width-inherit e-add-align-left elementor-widget elementor-widget-e-query-posts\" data-id=\"0070a10\" data-element_type=\"widget\" data-settings=\"{&quot;maps_data_type&quot;:&quot;lat_lng&quot;,&quot;maps_field_lat&quot;:&quot;latitude&quot;,&quot;maps_field_lng&quot;:&quot;longitude&quot;,&quot;maps_style_select&quot;:&quot;custom&quot;,&quot;maps_markerclustererControl&quot;:&quot;yes&quot;,&quot;maps_prevent_scroll&quot;:&quot;yes&quot;,&quot;maps_marker_type&quot;:&quot;marker6&quot;,&quot;maps_markercircle&quot;:&quot;yes&quot;,&quot;maps_markercolor&quot;:&quot;#B5121B&quot;,&quot;maps_markerstrokecolor&quot;:&quot;#B5121B&quot;,&quot;maps_markersize&quot;:{&quot;unit&quot;:&quot;px&quot;,&quot;size&quot;:0.6,&quot;sizes&quot;:[]},&quot;maps_mylocation_markerstrokecolor&quot;:&quot;#B5121B&quot;,&quot;maps_clusterertextcolor&quot;:&quot;#FFFFFF&quot;,&quot;maps_style_map&quot;:&quot;[\\n    {\\n        \\&quot;featureType\\&quot;: \\&quot;all\\&quot;,\\n        \\&quot;elementType\\&quot;: \\&quot;labels.text.fill\\&quot;,\\n        \\&quot;stylers\\&quot;: [\\n            {\\n                \\&quot;saturation\\&quot;: 36\\n            },\\n            {\\n                \\&quot;color\\&quot;: \\&quot;#333333\\&quot;\\n            },\\n            {\\n                \\&quot;lightness\\&quot;: 40\\n            }\\n        ]\\n    },\\n     {\\n        \\&quot;featureType\\&quot;: \\&quot;administrative.country\\&quot;,\\n        \\&quot;elementType\\&quot;: \\&quot;geometry.stroke\\&quot;,\\n        \\&quot;stylers\\&quot;: [\\n            {\\n                \\&quot;visibility\\&quot;: \\&quot;on\\&quot;\\n            },\\n            {\\n                \\&quot;color\\&quot;: \\&quot;#AAAAAA\\&quot;\\n            }\\n        ]\\n    },\\n    {\\n        \\&quot;featureType\\&quot;: \\&quot;all\\&quot;,\\n        \\&quot;elementType\\&quot;: \\&quot;labels.text.stroke\\&quot;,\\n        \\&quot;stylers\\&quot;: [\\n            {\\n                \\&quot;visibility\\&quot;: \\&quot;on\\&quot;\\n            },\\n            {\\n                \\&quot;color\\&quot;: \\&quot;#ffffff\\&quot;\\n            },\\n            {\\n                \\&quot;lightness\\&quot;: 16\\n            }\\n        ]\\n    },\\n    {\\n        \\&quot;featureType\\&quot;: \\&quot;all\\&quot;,\\n        \\&quot;elementType\\&quot;: \\&quot;labels.icon\\&quot;,\\n        \\&quot;stylers\\&quot;: [\\n            {\\n                \\&quot;visibility\\&quot;: \\&quot;off\\&quot;\\n            }\\n        ]\\n    },\\n    {\\n        \\&quot;featureType\\&quot;: \\&quot;administrative\\&quot;,\\n        \\&quot;elementType\\&quot;: \\&quot;geometry.fill\\&quot;,\\n        \\&quot;stylers\\&quot;: [\\n            {\\n                \\&quot;color\\&quot;: \\&quot;#fefefe\\&quot;\\n            },\\n            {\\n                \\&quot;lightness\\&quot;: 20\\n            }\\n        ]\\n    },\\n    {\\n        \\&quot;featureType\\&quot;: \\&quot;landscape\\&quot;,\\n        \\&quot;elementType\\&quot;: \\&quot;geometry\\&quot;,\\n        \\&quot;stylers\\&quot;: [\\n            {\\n                \\&quot;color\\&quot;: \\&quot;#f5f5f5\\&quot;\\n            },\\n            {\\n                \\&quot;lightness\\&quot;: 20\\n            }\\n        ]\\n    },\\n    {\\n        \\&quot;featureType\\&quot;: \\&quot;poi\\&quot;,\\n        \\&quot;elementType\\&quot;: \\&quot;geometry\\&quot;,\\n        \\&quot;stylers\\&quot;: [\\n            {\\n                \\&quot;color\\&quot;: \\&quot;#f5f5f5\\&quot;\\n            },\\n            {\\n                \\&quot;lightness\\&quot;: 21\\n            }\\n        ]\\n    },\\n    {\\n        \\&quot;featureType\\&quot;: \\&quot;poi.park\\&quot;,\\n        \\&quot;elementType\\&quot;: \\&quot;geometry\\&quot;,\\n        \\&quot;stylers\\&quot;: [\\n            {\\n                \\&quot;color\\&quot;: \\&quot;#dedede\\&quot;\\n            },\\n            {\\n                \\&quot;lightness\\&quot;: 21\\n            }\\n        ]\\n    },\\n    {\\n        \\&quot;featureType\\&quot;: \\&quot;road.highway\\&quot;,\\n        \\&quot;elementType\\&quot;: \\&quot;geometry.fill\\&quot;,\\n        \\&quot;stylers\\&quot;: [\\n            {\\n                \\&quot;color\\&quot;: \\&quot;#ffffff\\&quot;\\n            },\\n            {\\n                \\&quot;lightness\\&quot;: 17\\n            }\\n        ]\\n    },\\n    {\\n        \\&quot;featureType\\&quot;: \\&quot;road.highway\\&quot;,\\n        \\&quot;elementType\\&quot;: \\&quot;geometry.stroke\\&quot;,\\n        \\&quot;stylers\\&quot;: [\\n            {\\n                \\&quot;color\\&quot;: \\&quot;#ffffff\\&quot;\\n            },\\n            {\\n                \\&quot;lightness\\&quot;: 29\\n            },\\n            {\\n                \\&quot;weight\\&quot;: 0.2\\n            }\\n        ]\\n    },\\n    {\\n        \\&quot;featureType\\&quot;: \\&quot;road.arterial\\&quot;,\\n        \\&quot;elementType\\&quot;: \\&quot;geometry\\&quot;,\\n        \\&quot;stylers\\&quot;: [\\n            {\\n                \\&quot;color\\&quot;: \\&quot;#ffffff\\&quot;\\n            },\\n            {\\n                \\&quot;lightness\\&quot;: 18\\n            }\\n        ]\\n    },\\n    {\\n        \\&quot;featureType\\&quot;: \\&quot;road.local\\&quot;,\\n        \\&quot;elementType\\&quot;: \\&quot;geometry\\&quot;,\\n        \\&quot;stylers\\&quot;: [\\n            {\\n                \\&quot;color\\&quot;: \\&quot;#ffffff\\&quot;\\n            },\\n            {\\n                \\&quot;lightness\\&quot;: 16\\n            }\\n        ]\\n    },\\n    {\\n        \\&quot;featureType\\&quot;: \\&quot;transit\\&quot;,\\n        \\&quot;elementType\\&quot;: \\&quot;geometry\\&quot;,\\n        \\&quot;stylers\\&quot;: [\\n            {\\n                \\&quot;color\\&quot;: \\&quot;#f2f2f2\\&quot;\\n            },\\n            {\\n                \\&quot;lightness\\&quot;: 19\\n            }\\n        ]\\n    },\\n    {\\n        \\&quot;featureType\\&quot;: \\&quot;water\\&quot;,\\n        \\&quot;elementType\\&quot;: \\&quot;geometry\\&quot;,\\n        \\&quot;stylers\\&quot;: [\\n            {\\n                \\&quot;color\\&quot;: \\&quot;#e9e9e9\\&quot;\\n            },\\n            {\\n                \\&quot;lightness\\&quot;: 17\\n            }\\n        ]\\n    }\\n\\t\\n]&quot;,&quot;maps_marker_interactivity&quot;:&quot;enable_infoPopup&quot;,&quot;maps_markerstrokesize&quot;:{&quot;unit&quot;:&quot;px&quot;,&quot;size&quot;:&quot;&quot;,&quot;sizes&quot;:[]},&quot;maps_marker_bounce&quot;:&quot;yes&quot;,&quot;maps_map_type&quot;:&quot;roadmap&quot;,&quot;maps_mylocation_markerstrokesize&quot;:{&quot;unit&quot;:&quot;px&quot;,&quot;size&quot;:&quot;&quot;,&quot;sizes&quot;:[]},&quot;maps_pancontrol&quot;:&quot;yes&quot;,&quot;maps_rotatecontrol&quot;:&quot;yes&quot;,&quot;maps_scalecontrol&quot;:&quot;yes&quot;,&quot;maps_zoomcontrol&quot;:&quot;yes&quot;,&quot;maps_fullscreenControl&quot;:&quot;yes&quot;,&quot;maps_clusterercolor&quot;:&quot;#d95040&quot;,&quot;maps_clusterersize&quot;:{&quot;unit&quot;:&quot;px&quot;,&quot;size&quot;:&quot;50&quot;,&quot;sizes&quot;:[]}}\" data-widget_type=\"e-query-posts.maps\">\n\t\t\t\t<div class=\"elementor-widget-container\">\n\t\t\t\t\t                <div class=\"e-add-posts-container e-add-posts  e-add-maps-container e-add-skin-maps e-add-skin-e-skine-add-map-marker-marker6\">\r\n            <script>var eAddonsdata_host = \"https:\/\/www.vfmg.ch\"; var eAddonsdata_host_plugin = \"https:\/\/www.vfmg.ch\/wp-content\/plugins\/e-addons-maps\/\";<\/script><div class=\"e-add-maps-canvas\" id=\"e-add-maps-canvas-0070a10\"><\/div>            <div class=\"e-add-posts-wrapper e-add-maps-wrapper e-add-wrapper-maps e-add-wrapper-e-skin\">\r\n                        <article class=\"e-add-querytype-post e-add-post e-add-post-item e-add-post-item-0070a10 e-add-maps-item e-add-item-maps e-add-item-e-skin post-13462 gemeinde type-gemeinde status-publish hentry region-auswaehlen\" data-post-id=\"13462\" data-index=\"0\">\r\n                        <div class=\"e-add-post-block e-add-post-block-0\">\r\n                <div class=\"e-add-image-area e-add-item-area\"><div class=\"e-add-item e-add-item_image elementor-repeater-item-6424b46\" data-item-id=\"6424b46\"><a class=\"e-add-post-image\" href=\"https:\/\/www.vfmg.ch\/fr\/gemeinde\/fmg-test1\/\"><figure class=\"e-add-img\"><\/figure><\/a><\/div><\/div><div class=\"e-add-content-area e-add-item-area\"><div class=\"e-add-item e-add-item_title elementor-repeater-item-984728e\" data-item-id=\"984728e\"><h3 class=\"e-add-post-title\"><a href=\"https:\/\/www.vfmg.ch\/fr\/gemeinde\/fmg-test1\/\" title=\"Test FMG1\">Test FMG1<\/a><\/h3><\/div><div class=\"e-add-item e-add-item_custommeta elementor-repeater-item-f737a1f\" data-item-id=\"f737a1f\"><span>\u00e9glise \u00e9vang\u00e9lique libre<\/span><\/div><div class=\"e-add-item e-add-item_label elementor-repeater-item-b36222a\" data-item-id=\"b36222a\"><a class=\"e-add-labelstatic\" href=\"https:\/\/www.vfmg.ch\/fr\/gemeinde\/fmg-test1\/\">3113 Rubigen<\/a><\/div><div class=\"e-add-item e-add-item_label elementor-repeater-item-a829d24\" data-item-id=\"a829d24\"><a class=\"e-add-labelstatic\" href=\"https:\/\/www.vfmg.ch\/fr\/gemeinde\/fmg-test1\/\"><a href=\"https:\/\/www.testgemeinde.ch\" target=\"_blank\" rel=\"noopener\">https:\/\/www.testgemeinde.ch<\/a><\/a><\/div><div class=\"e-add-item e-add-item_label elementor-repeater-item-47626f9\" data-item-id=\"47626f9\"><a class=\"e-add-labelstatic\" href=\"https:\/\/www.vfmg.ch\/fr\/gemeinde\/fmg-test1\/\"><b>Cultes<\/b><\/a><\/div><div class=\"e-add-item e-add-item_custommeta elementor-repeater-item-f3127d3\" data-item-id=\"f3127d3\"><span><span class=\"e-add-label-before\">1er dimanche : <\/span>10:15<\/span><\/div><div class=\"e-add-item e-add-item_custommeta elementor-repeater-item-c01ac00\" data-item-id=\"c01ac00\"><span><span class=\"e-add-label-before\">2e dimanche : <\/span>10:15<\/span><\/div><div class=\"e-add-item e-add-item_custommeta elementor-repeater-item-4116808\" data-item-id=\"4116808\"><span><span class=\"e-add-label-before\">3e dimanche : <\/span>17:00<\/span><\/div><div class=\"e-add-item e-add-item_custommeta elementor-repeater-item-cc3ce96\" data-item-id=\"cc3ce96\"><\/div><div class=\"e-add-item e-add-item_custommeta elementor-repeater-item-7d60d1f\" data-item-id=\"7d60d1f\"><span><span class=\"e-add-label-before\">5e dimanche : <\/span>10:15<\/span><\/div><\/div>            <\/div>\r\n                    <\/article>\r\n                <article class=\"e-add-querytype-post e-add-post e-add-post-item e-add-post-item-0070a10 e-add-maps-item e-add-item-maps e-add-item-e-skin post-8175 gemeinde type-gemeinde status-publish hentry region-nordwestschweiz\" data-post-id=\"8175\" data-index=\"1\" data-map-panel data-address=\"\" data-lat=\"47.28173038460588\" data-lng=\"7.934848498099144\" data-title=\"FMG Region Zofingen\" data-permalink=\"https:\/\/www.vfmg.ch\/fr\/gemeinde\/fmg-region-zofingen\/\" data-marker=\"\" data-type=\"latlng\">\r\n                        <div class=\"e-add-post-block e-add-post-block-1\">\r\n                <div class=\"e-add-image-area e-add-item-area\"><div class=\"e-add-item e-add-item_image elementor-repeater-item-6424b46\" data-item-id=\"6424b46\"><a class=\"e-add-post-image\" href=\"https:\/\/www.vfmg.ch\/fr\/gemeinde\/fmg-region-zofingen\/\"><figure class=\"e-add-img\"><img decoding=\"async\" width=\"768\" height=\"256\" src=\"https:\/\/www.vfmg.ch\/wp-content\/uploads\/2024\/01\/menue_foto_ueber_uns-768x256.jpg\" class=\"attachment-medium_large size-medium_large wp-image-12548\" alt=\"\" srcset=\"https:\/\/www.vfmg.ch\/wp-content\/uploads\/2024\/01\/menue_foto_ueber_uns-768x256.jpg 768w, https:\/\/www.vfmg.ch\/wp-content\/uploads\/2024\/01\/menue_foto_ueber_uns-300x100.jpg 300w, https:\/\/www.vfmg.ch\/wp-content\/uploads\/2024\/01\/menue_foto_ueber_uns-1024x341.jpg 1024w, https:\/\/www.vfmg.ch\/wp-content\/uploads\/2024\/01\/menue_foto_ueber_uns-18x6.jpg 18w, https:\/\/www.vfmg.ch\/wp-content\/uploads\/2024\/01\/menue_foto_ueber_uns.jpg 1200w\" sizes=\"(max-width: 768px) 100vw, 768px\" \/><\/figure><\/a><\/div><\/div><div class=\"e-add-content-area e-add-item-area\"><div class=\"e-add-item e-add-item_title elementor-repeater-item-984728e\" data-item-id=\"984728e\"><h3 class=\"e-add-post-title\"><a href=\"https:\/\/www.vfmg.ch\/fr\/gemeinde\/fmg-region-zofingen\/\" title=\"FMG R\u00e9gion de Zofingen\">FMG R\u00e9gion de Zofingen<\/a><\/h3><\/div><div class=\"e-add-item e-add-item_custommeta elementor-repeater-item-f737a1f\" data-item-id=\"f737a1f\"><\/div><div class=\"e-add-item e-add-item_label elementor-repeater-item-b36222a\" data-item-id=\"b36222a\"><a class=\"e-add-labelstatic\" href=\"https:\/\/www.vfmg.ch\/fr\/gemeinde\/fmg-region-zofingen\/\">4802 Strengelbach<\/a><\/div><div class=\"e-add-item e-add-item_label elementor-repeater-item-a829d24\" data-item-id=\"a829d24\"><a class=\"e-add-labelstatic\" href=\"https:\/\/www.vfmg.ch\/fr\/gemeinde\/fmg-region-zofingen\/\"><a href=\"https:\/\/fmgz.ch\/portal\/\" target=\"_blank\" rel=\"noopener\">https:\/\/fmgz.ch\/portal\/<\/a><\/a><\/div><div class=\"e-add-item e-add-item_label elementor-repeater-item-47626f9\" data-item-id=\"47626f9\"><a class=\"e-add-labelstatic\" href=\"https:\/\/www.vfmg.ch\/fr\/gemeinde\/fmg-region-zofingen\/\"><b>Cultes<\/b><\/a><\/div><div class=\"e-add-item e-add-item_custommeta elementor-repeater-item-f3127d3\" data-item-id=\"f3127d3\"><span><span class=\"e-add-label-before\">1er dimanche : <\/span>09:45<\/span><\/div><div class=\"e-add-item e-add-item_custommeta elementor-repeater-item-c01ac00\" data-item-id=\"c01ac00\"><span><span class=\"e-add-label-before\">2e dimanche : <\/span>09:45<\/span><\/div><div class=\"e-add-item e-add-item_custommeta elementor-repeater-item-4116808\" data-item-id=\"4116808\"><span><span class=\"e-add-label-before\">3e dimanche : <\/span>09:45<\/span><\/div><div class=\"e-add-item e-add-item_custommeta elementor-repeater-item-cc3ce96\" data-item-id=\"cc3ce96\"><span><span class=\"e-add-label-before\">4\u00e8me dimanche : <\/span>09:45<\/span><\/div><div class=\"e-add-item e-add-item_custommeta elementor-repeater-item-7d60d1f\" data-item-id=\"7d60d1f\"><span><span class=\"e-add-label-before\">5e dimanche : <\/span>09:45<\/span><\/div><\/div>            <\/div>\r\n                    <\/article>\r\n                <article class=\"e-add-querytype-post e-add-post e-add-post-item e-add-post-item-0070a10 e-add-maps-item e-add-item-maps e-add-item-e-skin post-8160 gemeinde type-gemeinde status-publish hentry region-romandie\" data-post-id=\"8160\" data-index=\"2\" data-map-panel data-address=\"\" data-lat=\"47.13596\" data-lng=\"7.25613\" data-title=\"EEM-Bienne\" data-permalink=\"https:\/\/www.vfmg.ch\/fr\/gemeinde\/eem-bienne\/\" data-marker=\"\" data-type=\"latlng\">\r\n                        <div class=\"e-add-post-block e-add-post-block-2\">\r\n                <div class=\"e-add-image-area e-add-item-area\"><div class=\"e-add-item e-add-item_image elementor-repeater-item-6424b46\" data-item-id=\"6424b46\"><a class=\"e-add-post-image\" href=\"https:\/\/www.vfmg.ch\/fr\/gemeinde\/eem-bienne\/\"><figure class=\"e-add-img\"><\/figure><\/a><\/div><\/div><div class=\"e-add-content-area e-add-item-area\"><div class=\"e-add-item e-add-item_title elementor-repeater-item-984728e\" data-item-id=\"984728e\"><h3 class=\"e-add-post-title\"><a href=\"https:\/\/www.vfmg.ch\/fr\/gemeinde\/eem-bienne\/\" title=\"EEM-Bienne\">EEM-Bienne<\/a><\/h3><\/div><div class=\"e-add-item e-add-item_custommeta elementor-repeater-item-f737a1f\" data-item-id=\"f737a1f\"><\/div><div class=\"e-add-item e-add-item_label elementor-repeater-item-b36222a\" data-item-id=\"b36222a\"><a class=\"e-add-labelstatic\" href=\"https:\/\/www.vfmg.ch\/fr\/gemeinde\/eem-bienne\/\">2503 Biel\/Bienne<\/a><\/div><div class=\"e-add-item e-add-item_label elementor-repeater-item-a829d24\" data-item-id=\"a829d24\"><a class=\"e-add-labelstatic\" href=\"https:\/\/www.vfmg.ch\/fr\/gemeinde\/eem-bienne\/\"><a href=\"https:\/\/eemb.ch\" target=\"_blank\" rel=\"noopener\">https:\/\/eemb.ch<\/a><\/a><\/div><div class=\"e-add-item e-add-item_label elementor-repeater-item-47626f9\" data-item-id=\"47626f9\"><a class=\"e-add-labelstatic\" href=\"https:\/\/www.vfmg.ch\/fr\/gemeinde\/eem-bienne\/\"><b>Cultes<\/b><\/a><\/div><div class=\"e-add-item e-add-item_custommeta elementor-repeater-item-f3127d3\" data-item-id=\"f3127d3\"><span><span class=\"e-add-label-before\">1er dimanche : <\/span>10:00<\/span><\/div><div class=\"e-add-item e-add-item_custommeta elementor-repeater-item-c01ac00\" data-item-id=\"c01ac00\"><span><span class=\"e-add-label-before\">2e dimanche : <\/span>10:00<\/span><\/div><div class=\"e-add-item e-add-item_custommeta elementor-repeater-item-4116808\" data-item-id=\"4116808\"><span><span class=\"e-add-label-before\">3e dimanche : <\/span>10:00<\/span><\/div><div class=\"e-add-item e-add-item_custommeta elementor-repeater-item-cc3ce96\" data-item-id=\"cc3ce96\"><span><span class=\"e-add-label-before\">4\u00e8me dimanche : <\/span>10:00<\/span><\/div><div class=\"e-add-item e-add-item_custommeta elementor-repeater-item-7d60d1f\" data-item-id=\"7d60d1f\"><span><span class=\"e-add-label-before\">5e dimanche : <\/span>10:00<\/span><\/div><\/div>            <\/div>\r\n                    <\/article>\r\n                <article class=\"e-add-querytype-post e-add-post e-add-post-item e-add-post-item-0070a10 e-add-maps-item e-add-item-maps e-add-item-e-skin post-8086 gemeinde type-gemeinde status-publish hentry region-bern\" data-post-id=\"8086\" data-index=\"3\" data-map-panel data-address=\"\" data-lat=\"46.89992\" data-lng=\"7.54999\" data-title=\"Wydenhof &#8211; Lebensqualit\u00e4t f\u00fcr Senioren\" data-permalink=\"https:\/\/www.vfmg.ch\/fr\/gemeinde\/wydenhof-lebensqualitaet-fuer-senioren\/\" data-marker=\"\" data-type=\"latlng\">\r\n                        <div class=\"e-add-post-block e-add-post-block-3\">\r\n                <div class=\"e-add-image-area e-add-item-area\"><div class=\"e-add-item e-add-item_image elementor-repeater-item-6424b46\" data-item-id=\"6424b46\"><a class=\"e-add-post-image\" href=\"https:\/\/www.vfmg.ch\/fr\/gemeinde\/wydenhof-lebensqualitaet-fuer-senioren\/\"><figure class=\"e-add-img\"><img decoding=\"async\" width=\"768\" height=\"512\" src=\"https:\/\/www.vfmg.ch\/wp-content\/uploads\/2024\/01\/web.00-luftaufnahmen-wh-_5_-768x512.jpg\" class=\"attachment-medium_large size-medium_large wp-image-12553\" alt=\"\" srcset=\"https:\/\/www.vfmg.ch\/wp-content\/uploads\/2024\/01\/web.00-luftaufnahmen-wh-_5_-768x512.jpg 768w, https:\/\/www.vfmg.ch\/wp-content\/uploads\/2024\/01\/web.00-luftaufnahmen-wh-_5_-300x200.jpg 300w, https:\/\/www.vfmg.ch\/wp-content\/uploads\/2024\/01\/web.00-luftaufnahmen-wh-_5_-1024x682.jpg 1024w, https:\/\/www.vfmg.ch\/wp-content\/uploads\/2024\/01\/web.00-luftaufnahmen-wh-_5_-1536x1023.jpg 1536w, https:\/\/www.vfmg.ch\/wp-content\/uploads\/2024\/01\/web.00-luftaufnahmen-wh-_5_-18x12.jpg 18w, https:\/\/www.vfmg.ch\/wp-content\/uploads\/2024\/01\/web.00-luftaufnahmen-wh-_5_.jpg 1920w\" sizes=\"(max-width: 768px) 100vw, 768px\" \/><\/figure><\/a><\/div><\/div><div class=\"e-add-content-area e-add-item-area\"><div class=\"e-add-item e-add-item_title elementor-repeater-item-984728e\" data-item-id=\"984728e\"><h3 class=\"e-add-post-title\"><a href=\"https:\/\/www.vfmg.ch\/fr\/gemeinde\/wydenhof-lebensqualitaet-fuer-senioren\/\" title=\"Wydenhof &#8211; Lebensqualit\u00e4t f\u00fcr Senioren\">Wydenhof - Qualit\u00e9 de vie pour les seniors<\/a><\/h3><\/div><div class=\"e-add-item e-add-item_custommeta elementor-repeater-item-f737a1f\" data-item-id=\"f737a1f\"><\/div><div class=\"e-add-item e-add-item_label elementor-repeater-item-b36222a\" data-item-id=\"b36222a\"><a class=\"e-add-labelstatic\" href=\"https:\/\/www.vfmg.ch\/fr\/gemeinde\/wydenhof-lebensqualitaet-fuer-senioren\/\">3113 Rubigen<\/a><\/div><div class=\"e-add-item e-add-item_label elementor-repeater-item-a829d24\" data-item-id=\"a829d24\"><a class=\"e-add-labelstatic\" href=\"https:\/\/www.vfmg.ch\/fr\/gemeinde\/wydenhof-lebensqualitaet-fuer-senioren\/\"><a href=\"https:\/\/www.wydenhof-rubigen.ch\" target=\"_blank\" rel=\"noopener\">https:\/\/www.wydenhof-rubigen.ch<\/a><\/a><\/div><div class=\"e-add-item e-add-item_label elementor-repeater-item-47626f9\" data-item-id=\"47626f9\"><a class=\"e-add-labelstatic\" href=\"https:\/\/www.vfmg.ch\/fr\/gemeinde\/wydenhof-lebensqualitaet-fuer-senioren\/\"><b>Cultes<\/b><\/a><\/div><div class=\"e-add-item e-add-item_custommeta elementor-repeater-item-f3127d3\" data-item-id=\"f3127d3\"><\/div><div class=\"e-add-item e-add-item_custommeta elementor-repeater-item-c01ac00\" data-item-id=\"c01ac00\"><\/div><div class=\"e-add-item e-add-item_custommeta elementor-repeater-item-4116808\" data-item-id=\"4116808\"><\/div><div class=\"e-add-item e-add-item_custommeta elementor-repeater-item-cc3ce96\" data-item-id=\"cc3ce96\"><\/div><div class=\"e-add-item e-add-item_custommeta elementor-repeater-item-7d60d1f\" data-item-id=\"7d60d1f\"><\/div><\/div>            <\/div>\r\n                    <\/article>\r\n                <article class=\"e-add-querytype-post e-add-post e-add-post-item e-add-post-item-0070a10 e-add-maps-item e-add-item-maps e-add-item-e-skin post-8082 gemeinde type-gemeinde status-publish hentry region-aargau-zuerich\" data-post-id=\"8082\" data-index=\"4\" data-map-panel data-address=\"\" data-lat=\"47.34794\" data-lng=\"8.72383\" data-title=\"FMG Uster\" data-permalink=\"https:\/\/www.vfmg.ch\/fr\/gemeinde\/fmg-uster-2\/\" data-marker=\"\" data-type=\"latlng\">\r\n                        <div class=\"e-add-post-block e-add-post-block-4\">\r\n                <div class=\"e-add-image-area e-add-item-area\"><div class=\"e-add-item e-add-item_image elementor-repeater-item-6424b46\" data-item-id=\"6424b46\"><a class=\"e-add-post-image\" href=\"https:\/\/www.vfmg.ch\/fr\/gemeinde\/fmg-uster-2\/\"><figure class=\"e-add-img\"><\/figure><\/a><\/div><\/div><div class=\"e-add-content-area e-add-item-area\"><div class=\"e-add-item e-add-item_title elementor-repeater-item-984728e\" data-item-id=\"984728e\"><h3 class=\"e-add-post-title\"><a href=\"https:\/\/www.vfmg.ch\/fr\/gemeinde\/fmg-uster-2\/\" title=\"FMG Uster\">FMG Uster<\/a><\/h3><\/div><div class=\"e-add-item e-add-item_custommeta elementor-repeater-item-f737a1f\" data-item-id=\"f737a1f\"><\/div><div class=\"e-add-item e-add-item_label elementor-repeater-item-b36222a\" data-item-id=\"b36222a\"><a class=\"e-add-labelstatic\" href=\"https:\/\/www.vfmg.ch\/fr\/gemeinde\/fmg-uster-2\/\">8610 Uster<\/a><\/div><div class=\"e-add-item e-add-item_label elementor-repeater-item-a829d24\" data-item-id=\"a829d24\"><a class=\"e-add-labelstatic\" href=\"https:\/\/www.vfmg.ch\/fr\/gemeinde\/fmg-uster-2\/\"><a href=\"https:\/\/www.fmg-uster.ch\" target=\"_blank\" rel=\"noopener\">https:\/\/www.fmg-uster.ch<\/a><\/a><\/div><div class=\"e-add-item e-add-item_label elementor-repeater-item-47626f9\" data-item-id=\"47626f9\"><a class=\"e-add-labelstatic\" href=\"https:\/\/www.vfmg.ch\/fr\/gemeinde\/fmg-uster-2\/\"><b>Cultes<\/b><\/a><\/div><div class=\"e-add-item e-add-item_custommeta elementor-repeater-item-f3127d3\" data-item-id=\"f3127d3\"><span><span class=\"e-add-label-before\">1er dimanche : <\/span>10:00<\/span><\/div><div class=\"e-add-item e-add-item_custommeta elementor-repeater-item-c01ac00\" data-item-id=\"c01ac00\"><span><span class=\"e-add-label-before\">2e dimanche : <\/span>10:00<\/span><\/div><div class=\"e-add-item e-add-item_custommeta elementor-repeater-item-4116808\" data-item-id=\"4116808\"><span><span class=\"e-add-label-before\">3e dimanche : <\/span>10:00<\/span><\/div><div class=\"e-add-item e-add-item_custommeta elementor-repeater-item-cc3ce96\" data-item-id=\"cc3ce96\"><span><span class=\"e-add-label-before\">4\u00e8me dimanche : <\/span>10:00<\/span><\/div><div class=\"e-add-item e-add-item_custommeta elementor-repeater-item-7d60d1f\" data-item-id=\"7d60d1f\"><span><span class=\"e-add-label-before\">5e dimanche : <\/span>10:00<\/span><\/div><\/div>            <\/div>\r\n                    <\/article>\r\n                <article class=\"e-add-querytype-post e-add-post e-add-post-item e-add-post-item-0070a10 e-add-maps-item e-add-item-maps e-add-item-e-skin post-7378 gemeinde type-gemeinde status-publish hentry region-bern\" data-post-id=\"7378\" data-index=\"5\" data-map-panel data-address=\"\" data-lat=\"47.07703\" data-lng=\"7.29451\" data-title=\"FOCUS LYSS\" data-permalink=\"https:\/\/www.vfmg.ch\/fr\/gemeinde\/fmg-lyss\/\" data-marker=\"\" data-type=\"latlng\">\r\n                        <div class=\"e-add-post-block e-add-post-block-5\">\r\n                <div class=\"e-add-image-area e-add-item-area\"><div class=\"e-add-item e-add-item_image elementor-repeater-item-6424b46\" data-item-id=\"6424b46\"><a class=\"e-add-post-image\" href=\"https:\/\/www.vfmg.ch\/fr\/gemeinde\/fmg-lyss\/\"><figure class=\"e-add-img\"><\/figure><\/a><\/div><\/div><div class=\"e-add-content-area e-add-item-area\"><div class=\"e-add-item e-add-item_title elementor-repeater-item-984728e\" data-item-id=\"984728e\"><h3 class=\"e-add-post-title\"><a href=\"https:\/\/www.vfmg.ch\/fr\/gemeinde\/fmg-lyss\/\" title=\"FOCUS LYSS\">FOCUS LYSS<\/a><\/h3><\/div><div class=\"e-add-item e-add-item_custommeta elementor-repeater-item-f737a1f\" data-item-id=\"f737a1f\"><\/div><div class=\"e-add-item e-add-item_label elementor-repeater-item-b36222a\" data-item-id=\"b36222a\"><a class=\"e-add-labelstatic\" href=\"https:\/\/www.vfmg.ch\/fr\/gemeinde\/fmg-lyss\/\">3250 Lyss<\/a><\/div><div class=\"e-add-item e-add-item_label elementor-repeater-item-a829d24\" data-item-id=\"a829d24\"><a class=\"e-add-labelstatic\" href=\"https:\/\/www.vfmg.ch\/fr\/gemeinde\/fmg-lyss\/\"><a href=\"https:\/\/www.focuslyss.ch\" target=\"_blank\" rel=\"noopener\">https:\/\/www.focuslyss.ch<\/a><\/a><\/div><div class=\"e-add-item e-add-item_label elementor-repeater-item-47626f9\" data-item-id=\"47626f9\"><a class=\"e-add-labelstatic\" href=\"https:\/\/www.vfmg.ch\/fr\/gemeinde\/fmg-lyss\/\"><b>Cultes<\/b><\/a><\/div><div class=\"e-add-item e-add-item_custommeta elementor-repeater-item-f3127d3\" data-item-id=\"f3127d3\"><span><span class=\"e-add-label-before\">1er dimanche : <\/span>09:45<\/span><\/div><div class=\"e-add-item e-add-item_custommeta elementor-repeater-item-c01ac00\" data-item-id=\"c01ac00\"><span><span class=\"e-add-label-before\">2e dimanche : <\/span>09:45<\/span><\/div><div class=\"e-add-item e-add-item_custommeta elementor-repeater-item-4116808\" data-item-id=\"4116808\"><span><span class=\"e-add-label-before\">3e dimanche : <\/span>09:45<\/span><\/div><div class=\"e-add-item e-add-item_custommeta elementor-repeater-item-cc3ce96\" data-item-id=\"cc3ce96\"><span><span class=\"e-add-label-before\">4\u00e8me dimanche : <\/span>09:45<\/span><\/div><div class=\"e-add-item e-add-item_custommeta elementor-repeater-item-7d60d1f\" data-item-id=\"7d60d1f\"><span><span class=\"e-add-label-before\">5e dimanche : <\/span>09:45<\/span><\/div><\/div>            <\/div>\r\n                    <\/article>\r\n                <article class=\"e-add-querytype-post e-add-post e-add-post-item e-add-post-item-0070a10 e-add-maps-item e-add-item-maps e-add-item-e-skin post-7344 gemeinde type-gemeinde status-publish hentry region-graubuenden\" data-post-id=\"7344\" data-index=\"6\" data-map-panel data-address=\"\" data-lat=\"46.50931\" data-lng=\"9.86006\" data-title=\"Evang. Freikirche FMG Celerina\" data-permalink=\"https:\/\/www.vfmg.ch\/fr\/gemeinde\/evang-freikirche-fmg-celerina\/\" data-marker=\"\" data-type=\"latlng\">\r\n                        <div class=\"e-add-post-block e-add-post-block-6\">\r\n                <div class=\"e-add-image-area e-add-item-area\"><div class=\"e-add-item e-add-item_image elementor-repeater-item-6424b46\" data-item-id=\"6424b46\"><a class=\"e-add-post-image\" href=\"https:\/\/www.vfmg.ch\/fr\/gemeinde\/evang-freikirche-fmg-celerina\/\"><figure class=\"e-add-img\"><img loading=\"lazy\" decoding=\"async\" width=\"768\" height=\"432\" src=\"https:\/\/www.vfmg.ch\/wp-content\/uploads\/2021\/08\/20210824_151155-768x432.jpg\" class=\"attachment-medium_large size-medium_large wp-image-7342\" alt=\"\" srcset=\"https:\/\/www.vfmg.ch\/wp-content\/uploads\/2021\/08\/20210824_151155-768x432.jpg 768w, https:\/\/www.vfmg.ch\/wp-content\/uploads\/2021\/08\/20210824_151155-300x169.jpg 300w, https:\/\/www.vfmg.ch\/wp-content\/uploads\/2021\/08\/20210824_151155-1024x576.jpg 1024w, https:\/\/www.vfmg.ch\/wp-content\/uploads\/2021\/08\/20210824_151155-1536x864.jpg 1536w, https:\/\/www.vfmg.ch\/wp-content\/uploads\/2021\/08\/20210824_151155-2048x1152.jpg 2048w, https:\/\/www.vfmg.ch\/wp-content\/uploads\/2021\/08\/20210824_151155-18x10.jpg 18w\" sizes=\"(max-width: 768px) 100vw, 768px\" \/><\/figure><\/a><\/div><\/div><div class=\"e-add-content-area e-add-item-area\"><div class=\"e-add-item e-add-item_title elementor-repeater-item-984728e\" data-item-id=\"984728e\"><h3 class=\"e-add-post-title\"><a href=\"https:\/\/www.vfmg.ch\/fr\/gemeinde\/evang-freikirche-fmg-celerina\/\" title=\"\u00c9glise \u00e9vang\u00e9lique libre FMG Celerina\">\u00c9glise \u00e9vang\u00e9lique libre FMG Celerina<\/a><\/h3><\/div><div class=\"e-add-item e-add-item_custommeta elementor-repeater-item-f737a1f\" data-item-id=\"f737a1f\"><span>\u00c9glise libre de Celerina<\/span><\/div><div class=\"e-add-item e-add-item_label elementor-repeater-item-b36222a\" data-item-id=\"b36222a\"><a class=\"e-add-labelstatic\" href=\"https:\/\/www.vfmg.ch\/fr\/gemeinde\/evang-freikirche-fmg-celerina\/\">7505 Celerina<\/a><\/div><div class=\"e-add-item e-add-item_label elementor-repeater-item-a829d24\" data-item-id=\"a829d24\"><a class=\"e-add-labelstatic\" href=\"https:\/\/www.vfmg.ch\/fr\/gemeinde\/evang-freikirche-fmg-celerina\/\"><a href=\"https:\/\/www.freikirche-celerina.ch\" target=\"_blank\" rel=\"noopener\">https:\/\/www.freikirche-celerina.ch<\/a><\/a><\/div><div class=\"e-add-item e-add-item_label elementor-repeater-item-47626f9\" data-item-id=\"47626f9\"><a class=\"e-add-labelstatic\" href=\"https:\/\/www.vfmg.ch\/fr\/gemeinde\/evang-freikirche-fmg-celerina\/\"><b>Cultes<\/b><\/a><\/div><div class=\"e-add-item e-add-item_custommeta elementor-repeater-item-f3127d3\" data-item-id=\"f3127d3\"><span><span class=\"e-add-label-before\">1er dimanche : <\/span>17:00<\/span><\/div><div class=\"e-add-item e-add-item_custommeta elementor-repeater-item-c01ac00\" data-item-id=\"c01ac00\"><span><span class=\"e-add-label-before\">2e dimanche : <\/span>10:00<\/span><\/div><div class=\"e-add-item e-add-item_custommeta elementor-repeater-item-4116808\" data-item-id=\"4116808\"><span><span class=\"e-add-label-before\">3e dimanche : <\/span>10:00<\/span><\/div><div class=\"e-add-item e-add-item_custommeta elementor-repeater-item-cc3ce96\" data-item-id=\"cc3ce96\"><span><span class=\"e-add-label-before\">4\u00e8me dimanche : <\/span>10:00<\/span><\/div><div class=\"e-add-item e-add-item_custommeta elementor-repeater-item-7d60d1f\" data-item-id=\"7d60d1f\"><span><span class=\"e-add-label-before\">5e dimanche : <\/span>10:00<\/span><\/div><\/div>            <\/div>\r\n                    <\/article>\r\n                <article class=\"e-add-querytype-post e-add-post e-add-post-item e-add-post-item-0070a10 e-add-maps-item e-add-item-maps e-add-item-e-skin post-7305 gemeinde type-gemeinde status-publish hentry region-romandie\" data-post-id=\"7305\" data-index=\"7\" data-map-panel data-address=\"\" data-lat=\"47.01116\" data-lng=\"6.85824\" data-title=\"EEM Val-de-Ruz\" data-permalink=\"https:\/\/www.vfmg.ch\/fr\/gemeinde\/eem-val-de-ruz\/\" data-marker=\"\" data-type=\"latlng\">\r\n                        <div class=\"e-add-post-block e-add-post-block-7\">\r\n                <div class=\"e-add-image-area e-add-item-area\"><div class=\"e-add-item e-add-item_image elementor-repeater-item-6424b46\" data-item-id=\"6424b46\"><a class=\"e-add-post-image\" href=\"https:\/\/www.vfmg.ch\/fr\/gemeinde\/eem-val-de-ruz\/\"><figure class=\"e-add-img\"><\/figure><\/a><\/div><\/div><div class=\"e-add-content-area e-add-item-area\"><div class=\"e-add-item e-add-item_title elementor-repeater-item-984728e\" data-item-id=\"984728e\"><h3 class=\"e-add-post-title\"><a href=\"https:\/\/www.vfmg.ch\/fr\/gemeinde\/eem-val-de-ruz\/\" title=\"EEM Val-de-Ruz\">EEM Val-de-Ruz<\/a><\/h3><\/div><div class=\"e-add-item e-add-item_custommeta elementor-repeater-item-f737a1f\" data-item-id=\"f737a1f\"><span>Eglise Evang\u00e9lique Missionnaire<\/span><\/div><div class=\"e-add-item e-add-item_label elementor-repeater-item-b36222a\" data-item-id=\"b36222a\"><a class=\"e-add-labelstatic\" href=\"https:\/\/www.vfmg.ch\/fr\/gemeinde\/eem-val-de-ruz\/\">2206 Geneveys-Coffrane<\/a><\/div><div class=\"e-add-item e-add-item_label elementor-repeater-item-a829d24\" data-item-id=\"a829d24\"><a class=\"e-add-labelstatic\" href=\"https:\/\/www.vfmg.ch\/fr\/gemeinde\/eem-val-de-ruz\/\"><a href=\"https:\/\/www.eem-val-de-ruz.ch\" target=\"_blank\" rel=\"noopener\">https:\/\/www.eem-val-de-ruz.ch<\/a><\/a><\/div><div class=\"e-add-item e-add-item_label elementor-repeater-item-47626f9\" data-item-id=\"47626f9\"><a class=\"e-add-labelstatic\" href=\"https:\/\/www.vfmg.ch\/fr\/gemeinde\/eem-val-de-ruz\/\"><b>Cultes<\/b><\/a><\/div><div class=\"e-add-item e-add-item_custommeta elementor-repeater-item-f3127d3\" data-item-id=\"f3127d3\"><span><span class=\"e-add-label-before\">1er dimanche : <\/span>10:00<\/span><\/div><div class=\"e-add-item e-add-item_custommeta elementor-repeater-item-c01ac00\" data-item-id=\"c01ac00\"><span><span class=\"e-add-label-before\">2e dimanche : <\/span>10:00<\/span><\/div><div class=\"e-add-item e-add-item_custommeta elementor-repeater-item-4116808\" data-item-id=\"4116808\"><span><span class=\"e-add-label-before\">3e dimanche : <\/span>10:00<\/span><\/div><div class=\"e-add-item e-add-item_custommeta elementor-repeater-item-cc3ce96\" data-item-id=\"cc3ce96\"><span><span class=\"e-add-label-before\">4\u00e8me dimanche : <\/span>10:00<\/span><\/div><div class=\"e-add-item e-add-item_custommeta elementor-repeater-item-7d60d1f\" data-item-id=\"7d60d1f\"><span><span class=\"e-add-label-before\">5e dimanche : <\/span>10:00<\/span><\/div><\/div>            <\/div>\r\n                    <\/article>\r\n                <article class=\"e-add-querytype-post e-add-post e-add-post-item e-add-post-item-0070a10 e-add-maps-item e-add-item-maps e-add-item-e-skin post-7301 gemeinde type-gemeinde status-publish hentry region-bern\" data-post-id=\"7301\" data-index=\"8\" data-map-panel data-address=\"\" data-lat=\"47.10627\" data-lng=\"7.66929\" data-title=\"FMG Wynigen\" data-permalink=\"https:\/\/www.vfmg.ch\/fr\/gemeinde\/fmg-wynigen\/\" data-marker=\"\" data-type=\"latlng\">\r\n                        <div class=\"e-add-post-block e-add-post-block-8\">\r\n                <div class=\"e-add-image-area e-add-item-area\"><div class=\"e-add-item e-add-item_image elementor-repeater-item-6424b46\" data-item-id=\"6424b46\"><a class=\"e-add-post-image\" href=\"https:\/\/www.vfmg.ch\/fr\/gemeinde\/fmg-wynigen\/\"><figure class=\"e-add-img\"><img loading=\"lazy\" decoding=\"async\" width=\"641\" height=\"400\" src=\"https:\/\/www.vfmg.ch\/wp-content\/uploads\/2021\/08\/Bilder-FMG-Wynigen-PNG-Datei.png\" class=\"attachment-medium_large size-medium_large wp-image-7299\" alt=\"\" srcset=\"https:\/\/www.vfmg.ch\/wp-content\/uploads\/2021\/08\/Bilder-FMG-Wynigen-PNG-Datei.png 641w, https:\/\/www.vfmg.ch\/wp-content\/uploads\/2021\/08\/Bilder-FMG-Wynigen-PNG-Datei-300x187.png 300w, https:\/\/www.vfmg.ch\/wp-content\/uploads\/2021\/08\/Bilder-FMG-Wynigen-PNG-Datei-18x12.png 18w\" sizes=\"(max-width: 641px) 100vw, 641px\" \/><\/figure><\/a><\/div><\/div><div class=\"e-add-content-area e-add-item-area\"><div class=\"e-add-item e-add-item_title elementor-repeater-item-984728e\" data-item-id=\"984728e\"><h3 class=\"e-add-post-title\"><a href=\"https:\/\/www.vfmg.ch\/fr\/gemeinde\/fmg-wynigen\/\" title=\"FMG Wynigen\">FMG Wynigen<\/a><\/h3><\/div><div class=\"e-add-item e-add-item_custommeta elementor-repeater-item-f737a1f\" data-item-id=\"f737a1f\"><\/div><div class=\"e-add-item e-add-item_label elementor-repeater-item-b36222a\" data-item-id=\"b36222a\"><a class=\"e-add-labelstatic\" href=\"https:\/\/www.vfmg.ch\/fr\/gemeinde\/fmg-wynigen\/\">3472 Wynigen<\/a><\/div><div class=\"e-add-item e-add-item_label elementor-repeater-item-a829d24\" data-item-id=\"a829d24\"><a class=\"e-add-labelstatic\" href=\"https:\/\/www.vfmg.ch\/fr\/gemeinde\/fmg-wynigen\/\"><a href=\"https:\/\/app.vfmg.ch\/gemeinde\/fmg-wynigen\/\" target=\"_blank\" rel=\"noopener\">https:\/\/app.vfmg.ch\/gemeinde\/fmg-wynigen\/<\/a><\/a><\/div><div class=\"e-add-item e-add-item_label elementor-repeater-item-47626f9\" data-item-id=\"47626f9\"><a class=\"e-add-labelstatic\" href=\"https:\/\/www.vfmg.ch\/fr\/gemeinde\/fmg-wynigen\/\"><b>Cultes<\/b><\/a><\/div><div class=\"e-add-item e-add-item_custommeta elementor-repeater-item-f3127d3\" data-item-id=\"f3127d3\"><span><span class=\"e-add-label-before\">1er dimanche : <\/span>10:00<\/span><\/div><div class=\"e-add-item e-add-item_custommeta elementor-repeater-item-c01ac00\" data-item-id=\"c01ac00\"><span><span class=\"e-add-label-before\">2e dimanche : <\/span>10:00<\/span><\/div><div class=\"e-add-item e-add-item_custommeta elementor-repeater-item-4116808\" data-item-id=\"4116808\"><\/div><div class=\"e-add-item e-add-item_custommeta elementor-repeater-item-cc3ce96\" data-item-id=\"cc3ce96\"><span><span class=\"e-add-label-before\">4\u00e8me dimanche : <\/span>10:00<\/span><\/div><div class=\"e-add-item e-add-item_custommeta elementor-repeater-item-7d60d1f\" data-item-id=\"7d60d1f\"><\/div><\/div>            <\/div>\r\n                    <\/article>\r\n                <article class=\"e-add-querytype-post e-add-post e-add-post-item e-add-post-item-0070a10 e-add-maps-item e-add-item-maps e-add-item-e-skin post-7293 gemeinde type-gemeinde status-publish hentry region-aargau-zuerich\" data-post-id=\"7293\" data-index=\"9\" data-map-panel data-address=\"\" data-lat=\"46.86339\" data-lng=\"9.53253\" data-title=\"Treffpunkt Christliche Gemeinde\" data-permalink=\"https:\/\/www.vfmg.ch\/fr\/gemeinde\/treffpunkt-christliche-gemeinde\/\" data-marker=\"\" data-type=\"latlng\">\r\n                        <div class=\"e-add-post-block e-add-post-block-9\">\r\n                <div class=\"e-add-image-area e-add-item-area\"><div class=\"e-add-item e-add-item_image elementor-repeater-item-6424b46\" data-item-id=\"6424b46\"><a class=\"e-add-post-image\" href=\"https:\/\/www.vfmg.ch\/fr\/gemeinde\/treffpunkt-christliche-gemeinde\/\"><figure class=\"e-add-img\"><\/figure><\/a><\/div><\/div><div class=\"e-add-content-area e-add-item-area\"><div class=\"e-add-item e-add-item_title elementor-repeater-item-984728e\" data-item-id=\"984728e\"><h3 class=\"e-add-post-title\"><a href=\"https:\/\/www.vfmg.ch\/fr\/gemeinde\/treffpunkt-christliche-gemeinde\/\" title=\"Lieu de rencontre de l&#039;\u00c9glise chr\u00e9tienne\">Lieu de rencontre de l'\u00c9glise chr\u00e9tienne<\/a><\/h3><\/div><div class=\"e-add-item e-add-item_custommeta elementor-repeater-item-f737a1f\" data-item-id=\"f737a1f\"><span>FMG Coire<\/span><\/div><div class=\"e-add-item e-add-item_label elementor-repeater-item-b36222a\" data-item-id=\"b36222a\"><a class=\"e-add-labelstatic\" href=\"https:\/\/www.vfmg.ch\/fr\/gemeinde\/treffpunkt-christliche-gemeinde\/\">7000 Coire<\/a><\/div><div class=\"e-add-item e-add-item_label elementor-repeater-item-a829d24\" data-item-id=\"a829d24\"><a class=\"e-add-labelstatic\" href=\"https:\/\/www.vfmg.ch\/fr\/gemeinde\/treffpunkt-christliche-gemeinde\/\"><a href=\"https:\/\/www.treffpunkt-chur.ch\" target=\"_blank\" rel=\"noopener\">https:\/\/www.treffpunkt-chur.ch<\/a><\/a><\/div><div class=\"e-add-item e-add-item_label elementor-repeater-item-47626f9\" data-item-id=\"47626f9\"><a class=\"e-add-labelstatic\" href=\"https:\/\/www.vfmg.ch\/fr\/gemeinde\/treffpunkt-christliche-gemeinde\/\"><b>Cultes<\/b><\/a><\/div><div class=\"e-add-item e-add-item_custommeta elementor-repeater-item-f3127d3\" data-item-id=\"f3127d3\"><span><span class=\"e-add-label-before\">1er dimanche : <\/span>10:00<\/span><\/div><div class=\"e-add-item e-add-item_custommeta elementor-repeater-item-c01ac00\" data-item-id=\"c01ac00\"><span><span class=\"e-add-label-before\">2e dimanche : <\/span>10:00<\/span><\/div><div class=\"e-add-item e-add-item_custommeta elementor-repeater-item-4116808\" data-item-id=\"4116808\"><span><span class=\"e-add-label-before\">3e dimanche : <\/span>10:00<\/span><\/div><div class=\"e-add-item e-add-item_custommeta elementor-repeater-item-cc3ce96\" data-item-id=\"cc3ce96\"><span><span class=\"e-add-label-before\">4\u00e8me dimanche : <\/span>10:00<\/span><\/div><div class=\"e-add-item e-add-item_custommeta elementor-repeater-item-7d60d1f\" data-item-id=\"7d60d1f\"><span><span class=\"e-add-label-before\">5e dimanche : <\/span>19:00<\/span><\/div><\/div>            <\/div>\r\n                    <\/article>\r\n                <article class=\"e-add-querytype-post e-add-post e-add-post-item e-add-post-item-0070a10 e-add-maps-item e-add-item-maps e-add-item-e-skin post-7226 gemeinde type-gemeinde status-publish hentry region-auswaehlen\" data-post-id=\"7226\" data-index=\"10\" data-map-panel data-address=\"\" data-lat=\"47.45798\" data-lng=\"8.77271\" data-title=\"FMG Kollbrunn\" data-permalink=\"https:\/\/www.vfmg.ch\/fr\/gemeinde\/fmg-kollbrunn\/\" data-marker=\"\" data-type=\"latlng\">\r\n                        <div class=\"e-add-post-block e-add-post-block-10\">\r\n                <div class=\"e-add-image-area e-add-item-area\"><div class=\"e-add-item e-add-item_image elementor-repeater-item-6424b46\" data-item-id=\"6424b46\"><a class=\"e-add-post-image\" href=\"https:\/\/www.vfmg.ch\/fr\/gemeinde\/fmg-kollbrunn\/\"><figure class=\"e-add-img\"><img loading=\"lazy\" decoding=\"async\" width=\"252\" height=\"141\" src=\"https:\/\/www.vfmg.ch\/wp-content\/uploads\/2021\/06\/bild6.jpg\" class=\"attachment-medium_large size-medium_large wp-image-7225\" alt=\"\" srcset=\"https:\/\/www.vfmg.ch\/wp-content\/uploads\/2021\/06\/bild6.jpg 252w, https:\/\/www.vfmg.ch\/wp-content\/uploads\/2021\/06\/bild6-16x9.jpg 16w\" sizes=\"(max-width: 252px) 100vw, 252px\" \/><\/figure><\/a><\/div><\/div><div class=\"e-add-content-area e-add-item-area\"><div class=\"e-add-item e-add-item_title elementor-repeater-item-984728e\" data-item-id=\"984728e\"><h3 class=\"e-add-post-title\"><a href=\"https:\/\/www.vfmg.ch\/fr\/gemeinde\/fmg-kollbrunn\/\" title=\"FMG Kollbrunn\">FMG Kollbrunn<\/a><\/h3><\/div><div class=\"e-add-item e-add-item_custommeta elementor-repeater-item-f737a1f\" data-item-id=\"f737a1f\"><\/div><div class=\"e-add-item e-add-item_label elementor-repeater-item-b36222a\" data-item-id=\"b36222a\"><a class=\"e-add-labelstatic\" href=\"https:\/\/www.vfmg.ch\/fr\/gemeinde\/fmg-kollbrunn\/\">8483 Kollbrunn<\/a><\/div><div class=\"e-add-item e-add-item_label elementor-repeater-item-a829d24\" data-item-id=\"a829d24\"><a class=\"e-add-labelstatic\" href=\"https:\/\/www.vfmg.ch\/fr\/gemeinde\/fmg-kollbrunn\/\"><a href=\"https:\/\/www.fmg-kollbrunn.ch\" target=\"_blank\" rel=\"noopener\">https:\/\/www.fmg-kollbrunn.ch<\/a><\/a><\/div><div class=\"e-add-item e-add-item_label elementor-repeater-item-47626f9\" data-item-id=\"47626f9\"><a class=\"e-add-labelstatic\" href=\"https:\/\/www.vfmg.ch\/fr\/gemeinde\/fmg-kollbrunn\/\"><b>Cultes<\/b><\/a><\/div><div class=\"e-add-item e-add-item_custommeta elementor-repeater-item-f3127d3\" data-item-id=\"f3127d3\"><span><span class=\"e-add-label-before\">1er dimanche : <\/span>09:30<\/span><\/div><div class=\"e-add-item e-add-item_custommeta elementor-repeater-item-c01ac00\" data-item-id=\"c01ac00\"><span><span class=\"e-add-label-before\">2e dimanche : <\/span>09:30<\/span><\/div><div class=\"e-add-item e-add-item_custommeta elementor-repeater-item-4116808\" data-item-id=\"4116808\"><span><span class=\"e-add-label-before\">3e dimanche : <\/span>09:30<\/span><\/div><div class=\"e-add-item e-add-item_custommeta elementor-repeater-item-cc3ce96\" data-item-id=\"cc3ce96\"><span><span class=\"e-add-label-before\">4\u00e8me dimanche : <\/span>09:30<\/span><\/div><div class=\"e-add-item e-add-item_custommeta elementor-repeater-item-7d60d1f\" data-item-id=\"7d60d1f\"><span><span class=\"e-add-label-before\">5e dimanche : <\/span>09:30<\/span><\/div><\/div>            <\/div>\r\n                    <\/article>\r\n                <article class=\"e-add-querytype-post e-add-post e-add-post-item e-add-post-item-0070a10 e-add-maps-item e-add-item-maps e-add-item-e-skin post-7138 gemeinde type-gemeinde status-publish hentry region-romandie\" data-post-id=\"7138\" data-index=\"11\" data-map-panel data-address=\"\" data-lat=\"47.23573\" data-lng=\"7.2331\" data-title=\"AM Reconvilier\" data-permalink=\"https:\/\/www.vfmg.ch\/fr\/gemeinde\/am-reconvilier\/\" data-marker=\"\" data-type=\"latlng\">\r\n                        <div class=\"e-add-post-block e-add-post-block-11\">\r\n                <div class=\"e-add-image-area e-add-item-area\"><div class=\"e-add-item e-add-item_image elementor-repeater-item-6424b46\" data-item-id=\"6424b46\"><a class=\"e-add-post-image\" href=\"https:\/\/www.vfmg.ch\/fr\/gemeinde\/am-reconvilier\/\"><figure class=\"e-add-img\"><\/figure><\/a><\/div><\/div><div class=\"e-add-content-area e-add-item-area\"><div class=\"e-add-item e-add-item_title elementor-repeater-item-984728e\" data-item-id=\"984728e\"><h3 class=\"e-add-post-title\"><a href=\"https:\/\/www.vfmg.ch\/fr\/gemeinde\/am-reconvilier\/\" title=\"AM Reconvilier\">AM Reconvilier<\/a><\/h3><\/div><div class=\"e-add-item e-add-item_custommeta elementor-repeater-item-f737a1f\" data-item-id=\"f737a1f\"><span>Assembl\u00e9e Missionnaire Reconvilier<\/span><\/div><div class=\"e-add-item e-add-item_label elementor-repeater-item-b36222a\" data-item-id=\"b36222a\"><a class=\"e-add-labelstatic\" href=\"https:\/\/www.vfmg.ch\/fr\/gemeinde\/am-reconvilier\/\">2732 Reconvilier<\/a><\/div><div class=\"e-add-item e-add-item_label elementor-repeater-item-a829d24\" data-item-id=\"a829d24\"><a class=\"e-add-labelstatic\" href=\"https:\/\/www.vfmg.ch\/fr\/gemeinde\/am-reconvilier\/\"><a href=\"https:\/\/www.am-reconvilier.ch\" target=\"_blank\" rel=\"noopener\">https:\/\/www.am-reconvilier.ch<\/a><\/a><\/div><div class=\"e-add-item e-add-item_label elementor-repeater-item-47626f9\" data-item-id=\"47626f9\"><a class=\"e-add-labelstatic\" href=\"https:\/\/www.vfmg.ch\/fr\/gemeinde\/am-reconvilier\/\"><b>Cultes<\/b><\/a><\/div><div class=\"e-add-item e-add-item_custommeta elementor-repeater-item-f3127d3\" data-item-id=\"f3127d3\"><span><span class=\"e-add-label-before\">1er dimanche : <\/span>10:00<\/span><\/div><div class=\"e-add-item e-add-item_custommeta elementor-repeater-item-c01ac00\" data-item-id=\"c01ac00\"><span><span class=\"e-add-label-before\">2e dimanche : <\/span>10:00<\/span><\/div><div class=\"e-add-item e-add-item_custommeta elementor-repeater-item-4116808\" data-item-id=\"4116808\"><span><span class=\"e-add-label-before\">3e dimanche : <\/span>10:00<\/span><\/div><div class=\"e-add-item e-add-item_custommeta elementor-repeater-item-cc3ce96\" data-item-id=\"cc3ce96\"><span><span class=\"e-add-label-before\">4\u00e8me dimanche : <\/span>10:00<\/span><\/div><div class=\"e-add-item e-add-item_custommeta elementor-repeater-item-7d60d1f\" data-item-id=\"7d60d1f\"><span><span class=\"e-add-label-before\">5e dimanche : <\/span>10:00<\/span><\/div><\/div>            <\/div>\r\n                    <\/article>\r\n                <article class=\"e-add-querytype-post e-add-post e-add-post-item e-add-post-item-0070a10 e-add-maps-item e-add-item-maps e-add-item-e-skin post-7136 gemeinde type-gemeinde status-publish hentry region-bern\" data-post-id=\"7136\" data-index=\"12\" data-map-panel data-address=\"\" data-lat=\"47.18080\" data-lng=\"7.79456\" data-title=\"FMG Region Langenthal\" data-permalink=\"https:\/\/www.vfmg.ch\/fr\/gemeinde\/fmg-region-langenthal\/\" data-marker=\"\" data-type=\"latlng\">\r\n                        <div class=\"e-add-post-block e-add-post-block-12\">\r\n                <div class=\"e-add-image-area e-add-item-area\"><div class=\"e-add-item e-add-item_image elementor-repeater-item-6424b46\" data-item-id=\"6424b46\"><a class=\"e-add-post-image\" href=\"https:\/\/www.vfmg.ch\/fr\/gemeinde\/fmg-region-langenthal\/\"><figure class=\"e-add-img\"><\/figure><\/a><\/div><\/div><div class=\"e-add-content-area e-add-item-area\"><div class=\"e-add-item e-add-item_title elementor-repeater-item-984728e\" data-item-id=\"984728e\"><h3 class=\"e-add-post-title\"><a href=\"https:\/\/www.vfmg.ch\/fr\/gemeinde\/fmg-region-langenthal\/\" title=\"FMG r\u00e9gion Langenthal\">FMG r\u00e9gion Langenthal<\/a><\/h3><\/div><div class=\"e-add-item e-add-item_custommeta elementor-repeater-item-f737a1f\" data-item-id=\"f737a1f\"><\/div><div class=\"e-add-item e-add-item_label elementor-repeater-item-b36222a\" data-item-id=\"b36222a\"><a class=\"e-add-labelstatic\" href=\"https:\/\/www.vfmg.ch\/fr\/gemeinde\/fmg-region-langenthal\/\">4932 Gutenburg<\/a><\/div><div class=\"e-add-item e-add-item_label elementor-repeater-item-a829d24\" data-item-id=\"a829d24\"><a class=\"e-add-labelstatic\" href=\"https:\/\/www.vfmg.ch\/fr\/gemeinde\/fmg-region-langenthal\/\"><a href=\"https:\/\/www.fmgl.ch\" target=\"_blank\" rel=\"noopener\">https:\/\/www.fmgl.ch<\/a><\/a><\/div><div class=\"e-add-item e-add-item_label elementor-repeater-item-47626f9\" data-item-id=\"47626f9\"><a class=\"e-add-labelstatic\" href=\"https:\/\/www.vfmg.ch\/fr\/gemeinde\/fmg-region-langenthal\/\"><b>Cultes<\/b><\/a><\/div><div class=\"e-add-item e-add-item_custommeta elementor-repeater-item-f3127d3\" data-item-id=\"f3127d3\"><span><span class=\"e-add-label-before\">1er dimanche : <\/span>09:45<\/span><\/div><div class=\"e-add-item e-add-item_custommeta elementor-repeater-item-c01ac00\" data-item-id=\"c01ac00\"><span><span class=\"e-add-label-before\">2e dimanche : <\/span>18:00<\/span><\/div><div class=\"e-add-item e-add-item_custommeta elementor-repeater-item-4116808\" data-item-id=\"4116808\"><\/div><div class=\"e-add-item e-add-item_custommeta elementor-repeater-item-cc3ce96\" data-item-id=\"cc3ce96\"><span><span class=\"e-add-label-before\">4\u00e8me dimanche : <\/span>09:45<\/span><\/div><div class=\"e-add-item e-add-item_custommeta elementor-repeater-item-7d60d1f\" data-item-id=\"7d60d1f\"><span><span class=\"e-add-label-before\">5e dimanche : <\/span>09:45<\/span><\/div><\/div>            <\/div>\r\n                    <\/article>\r\n                <article class=\"e-add-querytype-post e-add-post e-add-post-item e-add-post-item-0070a10 e-add-maps-item e-add-item-maps e-add-item-e-skin post-7105 gemeinde type-gemeinde status-publish hentry region-bern\" data-post-id=\"7105\" data-index=\"13\" data-map-panel data-address=\"\" data-lat=\"47.47231\" data-lng=\"7.75375\" data-title=\"SELA\" data-permalink=\"https:\/\/www.vfmg.ch\/fr\/gemeinde\/fmg-lausen\/\" data-marker=\"\" data-type=\"latlng\">\r\n                        <div class=\"e-add-post-block e-add-post-block-13\">\r\n                <div class=\"e-add-image-area e-add-item-area\"><div class=\"e-add-item e-add-item_image elementor-repeater-item-6424b46\" data-item-id=\"6424b46\"><a class=\"e-add-post-image\" href=\"https:\/\/www.vfmg.ch\/fr\/gemeinde\/fmg-lausen\/\"><figure class=\"e-add-img\"><img loading=\"lazy\" decoding=\"async\" width=\"768\" height=\"512\" src=\"https:\/\/www.vfmg.ch\/wp-content\/uploads\/2021\/05\/20091020_FMGLausenVirtuellerRundgang_0020_edited_01-768x512.jpg\" class=\"attachment-medium_large size-medium_large wp-image-7151\" alt=\"\" srcset=\"https:\/\/www.vfmg.ch\/wp-content\/uploads\/2021\/05\/20091020_FMGLausenVirtuellerRundgang_0020_edited_01-768x512.jpg 768w, https:\/\/www.vfmg.ch\/wp-content\/uploads\/2021\/05\/20091020_FMGLausenVirtuellerRundgang_0020_edited_01-300x200.jpg 300w, https:\/\/www.vfmg.ch\/wp-content\/uploads\/2021\/05\/20091020_FMGLausenVirtuellerRundgang_0020_edited_01-1024x683.jpg 1024w, https:\/\/www.vfmg.ch\/wp-content\/uploads\/2021\/05\/20091020_FMGLausenVirtuellerRundgang_0020_edited_01-1536x1024.jpg 1536w, https:\/\/www.vfmg.ch\/wp-content\/uploads\/2021\/05\/20091020_FMGLausenVirtuellerRundgang_0020_edited_01-2048x1366.jpg 2048w, https:\/\/www.vfmg.ch\/wp-content\/uploads\/2021\/05\/20091020_FMGLausenVirtuellerRundgang_0020_edited_01-16x12.jpg 16w\" sizes=\"(max-width: 768px) 100vw, 768px\" \/><\/figure><\/a><\/div><\/div><div class=\"e-add-content-area e-add-item-area\"><div class=\"e-add-item e-add-item_title elementor-repeater-item-984728e\" data-item-id=\"984728e\"><h3 class=\"e-add-post-title\"><a href=\"https:\/\/www.vfmg.ch\/fr\/gemeinde\/fmg-lausen\/\" title=\"SELA\">SELA<\/a><\/h3><\/div><div class=\"e-add-item e-add-item_custommeta elementor-repeater-item-f737a1f\" data-item-id=\"f737a1f\"><span>\u00c9glise interculturelle de Lausen<\/span><\/div><div class=\"e-add-item e-add-item_label elementor-repeater-item-b36222a\" data-item-id=\"b36222a\"><a class=\"e-add-labelstatic\" href=\"https:\/\/www.vfmg.ch\/fr\/gemeinde\/fmg-lausen\/\">4415 Lausen<\/a><\/div><div class=\"e-add-item e-add-item_label elementor-repeater-item-a829d24\" data-item-id=\"a829d24\"><a class=\"e-add-labelstatic\" href=\"https:\/\/www.vfmg.ch\/fr\/gemeinde\/fmg-lausen\/\"><a href=\"https:\/\/www.sela-lausen.ch\" target=\"_blank\" rel=\"noopener\">https:\/\/www.sela-lausen.ch<\/a><\/a><\/div><div class=\"e-add-item e-add-item_label elementor-repeater-item-47626f9\" data-item-id=\"47626f9\"><a class=\"e-add-labelstatic\" href=\"https:\/\/www.vfmg.ch\/fr\/gemeinde\/fmg-lausen\/\"><b>Cultes<\/b><\/a><\/div><div class=\"e-add-item e-add-item_custommeta elementor-repeater-item-f3127d3\" data-item-id=\"f3127d3\"><span><span class=\"e-add-label-before\">1er dimanche : <\/span>10:00<\/span><\/div><div class=\"e-add-item e-add-item_custommeta elementor-repeater-item-c01ac00\" data-item-id=\"c01ac00\"><span><span class=\"e-add-label-before\">2e dimanche : <\/span>10:00<\/span><\/div><div class=\"e-add-item e-add-item_custommeta elementor-repeater-item-4116808\" data-item-id=\"4116808\"><span><span class=\"e-add-label-before\">3e dimanche : <\/span>10:00<\/span><\/div><div class=\"e-add-item e-add-item_custommeta elementor-repeater-item-cc3ce96\" data-item-id=\"cc3ce96\"><\/div><div class=\"e-add-item e-add-item_custommeta elementor-repeater-item-7d60d1f\" data-item-id=\"7d60d1f\"><\/div><\/div>            <\/div>\r\n                    <\/article>\r\n                <article class=\"e-add-querytype-post e-add-post e-add-post-item e-add-post-item-0070a10 e-add-maps-item e-add-item-maps e-add-item-e-skin post-7098 gemeinde type-gemeinde status-publish hentry region-auswaehlen\" data-post-id=\"7098\" data-index=\"14\" data-map-panel data-address=\"\" data-lat=\"46.87394\" data-lng=\"7.55703\" data-title=\"Begegnungszentrum\" data-permalink=\"https:\/\/www.vfmg.ch\/fr\/gemeinde\/fmg-muensingen\/\" data-marker=\"\" data-type=\"latlng\">\r\n                        <div class=\"e-add-post-block e-add-post-block-14\">\r\n                <div class=\"e-add-image-area e-add-item-area\"><div class=\"e-add-item e-add-item_image elementor-repeater-item-6424b46\" data-item-id=\"6424b46\"><a class=\"e-add-post-image\" href=\"https:\/\/www.vfmg.ch\/fr\/gemeinde\/fmg-muensingen\/\"><figure class=\"e-add-img\"><img loading=\"lazy\" decoding=\"async\" width=\"299\" height=\"367\" src=\"https:\/\/www.vfmg.ch\/wp-content\/uploads\/2021\/05\/bez_aussen-e1701358467777.jpg\" class=\"attachment-medium_large size-medium_large wp-image-7096\" alt=\"\" srcset=\"https:\/\/www.vfmg.ch\/wp-content\/uploads\/2021\/05\/bez_aussen-e1701358467777.jpg 299w, https:\/\/www.vfmg.ch\/wp-content\/uploads\/2021\/05\/bez_aussen-e1701358467777-244x300.jpg 244w, https:\/\/www.vfmg.ch\/wp-content\/uploads\/2021\/05\/bez_aussen-e1701358467777-10x12.jpg 10w\" sizes=\"(max-width: 299px) 100vw, 299px\" \/><\/figure><\/a><\/div><\/div><div class=\"e-add-content-area e-add-item-area\"><div class=\"e-add-item e-add-item_title elementor-repeater-item-984728e\" data-item-id=\"984728e\"><h3 class=\"e-add-post-title\"><a href=\"https:\/\/www.vfmg.ch\/fr\/gemeinde\/fmg-muensingen\/\" title=\"Centre de rencontre\">Centre de rencontre<\/a><\/h3><\/div><div class=\"e-add-item e-add-item_custommeta elementor-repeater-item-f737a1f\" data-item-id=\"f737a1f\"><span>FMG M\u00fcnsingen<\/span><\/div><div class=\"e-add-item e-add-item_label elementor-repeater-item-b36222a\" data-item-id=\"b36222a\"><a class=\"e-add-labelstatic\" href=\"https:\/\/www.vfmg.ch\/fr\/gemeinde\/fmg-muensingen\/\">3110 M\u00fcnsingen<\/a><\/div><div class=\"e-add-item e-add-item_label elementor-repeater-item-a829d24\" data-item-id=\"a829d24\"><a class=\"e-add-labelstatic\" href=\"https:\/\/www.vfmg.ch\/fr\/gemeinde\/fmg-muensingen\/\"><a href=\"https:\/\/www.bez-muensingen.ch\" target=\"_blank\" rel=\"noopener\">https:\/\/www.bez-muensingen.ch<\/a><\/a><\/div><div class=\"e-add-item e-add-item_label elementor-repeater-item-47626f9\" data-item-id=\"47626f9\"><a class=\"e-add-labelstatic\" href=\"https:\/\/www.vfmg.ch\/fr\/gemeinde\/fmg-muensingen\/\"><b>Cultes<\/b><\/a><\/div><div class=\"e-add-item e-add-item_custommeta elementor-repeater-item-f3127d3\" data-item-id=\"f3127d3\"><span><span class=\"e-add-label-before\">1er dimanche : <\/span>10:00<\/span><\/div><div class=\"e-add-item e-add-item_custommeta elementor-repeater-item-c01ac00\" data-item-id=\"c01ac00\"><span><span class=\"e-add-label-before\">2e dimanche : <\/span>10:00<\/span><\/div><div class=\"e-add-item e-add-item_custommeta elementor-repeater-item-4116808\" data-item-id=\"4116808\"><span><span class=\"e-add-label-before\">3e dimanche : <\/span>10:00<\/span><\/div><div class=\"e-add-item e-add-item_custommeta elementor-repeater-item-cc3ce96\" data-item-id=\"cc3ce96\"><span><span class=\"e-add-label-before\">4\u00e8me dimanche : <\/span>10:00<\/span><\/div><div class=\"e-add-item e-add-item_custommeta elementor-repeater-item-7d60d1f\" data-item-id=\"7d60d1f\"><\/div><\/div>            <\/div>\r\n                    <\/article>\r\n                <article class=\"e-add-querytype-post e-add-post e-add-post-item e-add-post-item-0070a10 e-add-maps-item e-add-item-maps e-add-item-e-skin post-7092 gemeinde type-gemeinde status-publish hentry region-bern\" data-post-id=\"7092\" data-index=\"15\" data-map-panel data-address=\"\" data-lat=\"47.201294760245005\" data-lng=\"7.52741558795911\" data-title=\"Christliche Gemeinde forum G\" data-permalink=\"https:\/\/www.vfmg.ch\/fr\/gemeinde\/christliche-gemeinde-forum-g\/\" data-marker=\"\" data-type=\"latlng\">\r\n                        <div class=\"e-add-post-block e-add-post-block-15\">\r\n                <div class=\"e-add-image-area e-add-item-area\"><div class=\"e-add-item e-add-item_image elementor-repeater-item-6424b46\" data-item-id=\"6424b46\"><a class=\"e-add-post-image\" href=\"https:\/\/www.vfmg.ch\/fr\/gemeinde\/christliche-gemeinde-forum-g\/\"><figure class=\"e-add-img\"><img loading=\"lazy\" decoding=\"async\" width=\"366\" height=\"208\" src=\"https:\/\/www.vfmg.ch\/wp-content\/uploads\/2021\/05\/Hauseingangsfront_forum_g.png\" class=\"attachment-medium_large size-medium_large wp-image-7090\" alt=\"\" srcset=\"https:\/\/www.vfmg.ch\/wp-content\/uploads\/2021\/05\/Hauseingangsfront_forum_g.png 366w, https:\/\/www.vfmg.ch\/wp-content\/uploads\/2021\/05\/Hauseingangsfront_forum_g-300x170.png 300w, https:\/\/www.vfmg.ch\/wp-content\/uploads\/2021\/05\/Hauseingangsfront_forum_g-16x9.png 16w\" sizes=\"(max-width: 366px) 100vw, 366px\" \/><\/figure><\/a><\/div><\/div><div class=\"e-add-content-area e-add-item-area\"><div class=\"e-add-item e-add-item_title elementor-repeater-item-984728e\" data-item-id=\"984728e\"><h3 class=\"e-add-post-title\"><a href=\"https:\/\/www.vfmg.ch\/fr\/gemeinde\/christliche-gemeinde-forum-g\/\" title=\"\u00c9glise chr\u00e9tienne forum G\">\u00c9glise chr\u00e9tienne forum G<\/a><\/h3><\/div><div class=\"e-add-item e-add-item_custommeta elementor-repeater-item-f737a1f\" data-item-id=\"f737a1f\"><\/div><div class=\"e-add-item e-add-item_label elementor-repeater-item-b36222a\" data-item-id=\"b36222a\"><a class=\"e-add-labelstatic\" href=\"https:\/\/www.vfmg.ch\/fr\/gemeinde\/christliche-gemeinde-forum-g\/\">4500 Soleure<\/a><\/div><div class=\"e-add-item e-add-item_label elementor-repeater-item-a829d24\" data-item-id=\"a829d24\"><a class=\"e-add-labelstatic\" href=\"https:\/\/www.vfmg.ch\/fr\/gemeinde\/christliche-gemeinde-forum-g\/\"><a href=\"https:\/\/www.forum-g.ch\" target=\"_blank\" rel=\"noopener\">https:\/\/www.forum-g.ch<\/a><\/a><\/div><div class=\"e-add-item e-add-item_label elementor-repeater-item-47626f9\" data-item-id=\"47626f9\"><a class=\"e-add-labelstatic\" href=\"https:\/\/www.vfmg.ch\/fr\/gemeinde\/christliche-gemeinde-forum-g\/\"><b>Cultes<\/b><\/a><\/div><div class=\"e-add-item e-add-item_custommeta elementor-repeater-item-f3127d3\" data-item-id=\"f3127d3\"><span><span class=\"e-add-label-before\">1er dimanche : <\/span>10:00<\/span><\/div><div class=\"e-add-item e-add-item_custommeta elementor-repeater-item-c01ac00\" data-item-id=\"c01ac00\"><span><span class=\"e-add-label-before\">2e dimanche : <\/span>10:00<\/span><\/div><div class=\"e-add-item e-add-item_custommeta elementor-repeater-item-4116808\" data-item-id=\"4116808\"><span><span class=\"e-add-label-before\">3e dimanche : <\/span>10:00<\/span><\/div><div class=\"e-add-item e-add-item_custommeta elementor-repeater-item-cc3ce96\" data-item-id=\"cc3ce96\"><span><span class=\"e-add-label-before\">4\u00e8me dimanche : <\/span>10:00<\/span><\/div><div class=\"e-add-item e-add-item_custommeta elementor-repeater-item-7d60d1f\" data-item-id=\"7d60d1f\"><span><span class=\"e-add-label-before\">5e dimanche : <\/span>10:00<\/span><\/div><\/div>            <\/div>\r\n                    <\/article>\r\n                <article class=\"e-add-querytype-post e-add-post e-add-post-item e-add-post-item-0070a10 e-add-maps-item e-add-item-maps e-add-item-e-skin post-7081 gemeinde type-gemeinde status-publish hentry region-aargau-zuerich\" data-post-id=\"7081\" data-index=\"16\" data-map-panel data-address=\"\" data-lat=\"47.28255\" data-lng=\"8.71458\" data-title=\"FMG Oetwil am See\" data-permalink=\"https:\/\/www.vfmg.ch\/fr\/gemeinde\/fmg-oetwil-am-see\/\" data-marker=\"\" data-type=\"latlng\">\r\n                        <div class=\"e-add-post-block e-add-post-block-16\">\r\n                <div class=\"e-add-image-area e-add-item-area\"><div class=\"e-add-item e-add-item_image elementor-repeater-item-6424b46\" data-item-id=\"6424b46\"><a class=\"e-add-post-image\" href=\"https:\/\/www.vfmg.ch\/fr\/gemeinde\/fmg-oetwil-am-see\/\"><figure class=\"e-add-img\"><img loading=\"lazy\" decoding=\"async\" width=\"768\" height=\"579\" src=\"https:\/\/www.vfmg.ch\/wp-content\/uploads\/2024\/01\/Haus-Felsengrund-768x579.jpg\" class=\"attachment-medium_large size-medium_large wp-image-12562\" alt=\"\" srcset=\"https:\/\/www.vfmg.ch\/wp-content\/uploads\/2024\/01\/Haus-Felsengrund-768x579.jpg 768w, https:\/\/www.vfmg.ch\/wp-content\/uploads\/2024\/01\/Haus-Felsengrund-300x226.jpg 300w, https:\/\/www.vfmg.ch\/wp-content\/uploads\/2024\/01\/Haus-Felsengrund-1024x772.jpg 1024w, https:\/\/www.vfmg.ch\/wp-content\/uploads\/2024\/01\/Haus-Felsengrund-1536x1157.jpg 1536w, https:\/\/www.vfmg.ch\/wp-content\/uploads\/2024\/01\/Haus-Felsengrund-2048x1543.jpg 2048w, https:\/\/www.vfmg.ch\/wp-content\/uploads\/2024\/01\/Haus-Felsengrund-16x12.jpg 16w\" sizes=\"(max-width: 768px) 100vw, 768px\" \/><\/figure><\/a><\/div><\/div><div class=\"e-add-content-area e-add-item-area\"><div class=\"e-add-item e-add-item_title elementor-repeater-item-984728e\" data-item-id=\"984728e\"><h3 class=\"e-add-post-title\"><a href=\"https:\/\/www.vfmg.ch\/fr\/gemeinde\/fmg-oetwil-am-see\/\" title=\"FMG Oetwil am See\">FMG Oetwil am See<\/a><\/h3><\/div><div class=\"e-add-item e-add-item_custommeta elementor-repeater-item-f737a1f\" data-item-id=\"f737a1f\"><span>\u00c9glise de Felsengrund<\/span><\/div><div class=\"e-add-item e-add-item_label elementor-repeater-item-b36222a\" data-item-id=\"b36222a\"><a class=\"e-add-labelstatic\" href=\"https:\/\/www.vfmg.ch\/fr\/gemeinde\/fmg-oetwil-am-see\/\">8618 Oetwil am See<\/a><\/div><div class=\"e-add-item e-add-item_label elementor-repeater-item-a829d24\" data-item-id=\"a829d24\"><a class=\"e-add-labelstatic\" href=\"https:\/\/www.vfmg.ch\/fr\/gemeinde\/fmg-oetwil-am-see\/\"><a href=\"https:\/\/www.kirche-felsengrund.ch\" target=\"_blank\" rel=\"noopener\">https:\/\/www.kirche-felsengrund.ch<\/a><\/a><\/div><div class=\"e-add-item e-add-item_label elementor-repeater-item-47626f9\" data-item-id=\"47626f9\"><a class=\"e-add-labelstatic\" href=\"https:\/\/www.vfmg.ch\/fr\/gemeinde\/fmg-oetwil-am-see\/\"><b>Cultes<\/b><\/a><\/div><div class=\"e-add-item e-add-item_custommeta elementor-repeater-item-f3127d3\" data-item-id=\"f3127d3\"><span><span class=\"e-add-label-before\">1er dimanche : <\/span>09:45<\/span><\/div><div class=\"e-add-item e-add-item_custommeta elementor-repeater-item-c01ac00\" data-item-id=\"c01ac00\"><span><span class=\"e-add-label-before\">2e dimanche : <\/span>09:45<\/span><\/div><div class=\"e-add-item e-add-item_custommeta elementor-repeater-item-4116808\" data-item-id=\"4116808\"><span><span class=\"e-add-label-before\">3e dimanche : <\/span>09:45<\/span><\/div><div class=\"e-add-item e-add-item_custommeta elementor-repeater-item-cc3ce96\" data-item-id=\"cc3ce96\"><span><span class=\"e-add-label-before\">4\u00e8me dimanche : <\/span>09:45<\/span><\/div><div class=\"e-add-item e-add-item_custommeta elementor-repeater-item-7d60d1f\" data-item-id=\"7d60d1f\"><span><span class=\"e-add-label-before\">5e dimanche : <\/span>18:00<\/span><\/div><\/div>            <\/div>\r\n                    <\/article>\r\n                <article class=\"e-add-querytype-post e-add-post e-add-post-item e-add-post-item-0070a10 e-add-maps-item e-add-item-maps e-add-item-e-skin post-7062 gemeinde type-gemeinde status-publish hentry region-bern-oberland\" data-post-id=\"7062\" data-index=\"17\" data-map-panel data-address=\"\" data-lat=\"46.575159640581745\" data-lng=\"7.6539471697889665\" data-title=\"Zentrum Rybr\u00fcgg\" data-permalink=\"https:\/\/www.vfmg.ch\/fr\/gemeinde\/zentrum-rybruegg\/\" data-marker=\"\" data-type=\"latlng\">\r\n                        <div class=\"e-add-post-block e-add-post-block-17\">\r\n                <div class=\"e-add-image-area e-add-item-area\"><div class=\"e-add-item e-add-item_image elementor-repeater-item-6424b46\" data-item-id=\"6424b46\"><a class=\"e-add-post-image\" href=\"https:\/\/www.vfmg.ch\/fr\/gemeinde\/zentrum-rybruegg\/\"><figure class=\"e-add-img\"><img loading=\"lazy\" decoding=\"async\" width=\"768\" height=\"471\" src=\"https:\/\/www.vfmg.ch\/wp-content\/uploads\/2024\/01\/slides-768x471.png\" class=\"attachment-medium_large size-medium_large wp-image-12555\" alt=\"\" srcset=\"https:\/\/www.vfmg.ch\/wp-content\/uploads\/2024\/01\/slides-768x471.png 768w, https:\/\/www.vfmg.ch\/wp-content\/uploads\/2024\/01\/slides-300x184.png 300w, https:\/\/www.vfmg.ch\/wp-content\/uploads\/2024\/01\/slides-1024x628.png 1024w, https:\/\/www.vfmg.ch\/wp-content\/uploads\/2024\/01\/slides-1536x943.png 1536w, https:\/\/www.vfmg.ch\/wp-content\/uploads\/2024\/01\/slides-18x12.png 18w, https:\/\/www.vfmg.ch\/wp-content\/uploads\/2024\/01\/slides.png 1760w\" sizes=\"(max-width: 768px) 100vw, 768px\" \/><\/figure><\/a><\/div><\/div><div class=\"e-add-content-area e-add-item-area\"><div class=\"e-add-item e-add-item_title elementor-repeater-item-984728e\" data-item-id=\"984728e\"><h3 class=\"e-add-post-title\"><a href=\"https:\/\/www.vfmg.ch\/fr\/gemeinde\/zentrum-rybruegg\/\" title=\"Centre Rybr\u00fcgg\">Centre Rybr\u00fcgg<\/a><\/h3><\/div><div class=\"e-add-item e-add-item_custommeta elementor-repeater-item-f737a1f\" data-item-id=\"f737a1f\"><span>FMG Frutigen<\/span><\/div><div class=\"e-add-item e-add-item_label elementor-repeater-item-b36222a\" data-item-id=\"b36222a\"><a class=\"e-add-labelstatic\" href=\"https:\/\/www.vfmg.ch\/fr\/gemeinde\/zentrum-rybruegg\/\">3714 Frutigen<\/a><\/div><div class=\"e-add-item e-add-item_label elementor-repeater-item-a829d24\" data-item-id=\"a829d24\"><a class=\"e-add-labelstatic\" href=\"https:\/\/www.vfmg.ch\/fr\/gemeinde\/zentrum-rybruegg\/\"><a href=\"https:\/\/www.rybruegg.ch\" target=\"_blank\" rel=\"noopener\">https:\/\/www.rybruegg.ch<\/a><\/a><\/div><div class=\"e-add-item e-add-item_label elementor-repeater-item-47626f9\" data-item-id=\"47626f9\"><a class=\"e-add-labelstatic\" href=\"https:\/\/www.vfmg.ch\/fr\/gemeinde\/zentrum-rybruegg\/\"><b>Cultes<\/b><\/a><\/div><div class=\"e-add-item e-add-item_custommeta elementor-repeater-item-f3127d3\" data-item-id=\"f3127d3\"><span><span class=\"e-add-label-before\">1er dimanche : <\/span>10:00<\/span><\/div><div class=\"e-add-item e-add-item_custommeta elementor-repeater-item-c01ac00\" data-item-id=\"c01ac00\"><span><span class=\"e-add-label-before\">2e dimanche : <\/span>17:00<\/span><\/div><div class=\"e-add-item e-add-item_custommeta elementor-repeater-item-4116808\" data-item-id=\"4116808\"><span><span class=\"e-add-label-before\">3e dimanche : <\/span>10:00<\/span><\/div><div class=\"e-add-item e-add-item_custommeta elementor-repeater-item-cc3ce96\" data-item-id=\"cc3ce96\"><span><span class=\"e-add-label-before\">4\u00e8me dimanche : <\/span>10:00<\/span><\/div><div class=\"e-add-item e-add-item_custommeta elementor-repeater-item-7d60d1f\" data-item-id=\"7d60d1f\"><\/div><\/div>            <\/div>\r\n                    <\/article>\r\n                <article class=\"e-add-querytype-post e-add-post e-add-post-item e-add-post-item-0070a10 e-add-maps-item e-add-item-maps e-add-item-e-skin post-7059 gemeinde type-gemeinde status-publish hentry region-bern\" data-post-id=\"7059\" data-index=\"18\" data-map-panel data-address=\"\" data-lat=\"47.13591\" data-lng=\"7.25609\" data-title=\"Begegnungskirche Biel\" data-permalink=\"https:\/\/www.vfmg.ch\/fr\/gemeinde\/fmg-biel\/\" data-marker=\"\" data-type=\"latlng\">\r\n                        <div class=\"e-add-post-block e-add-post-block-18\">\r\n                <div class=\"e-add-image-area e-add-item-area\"><div class=\"e-add-item e-add-item_image elementor-repeater-item-6424b46\" data-item-id=\"6424b46\"><a class=\"e-add-post-image\" href=\"https:\/\/www.vfmg.ch\/fr\/gemeinde\/fmg-biel\/\"><figure class=\"e-add-img\"><img loading=\"lazy\" decoding=\"async\" width=\"768\" height=\"576\" src=\"https:\/\/www.vfmg.ch\/wp-content\/uploads\/2024\/01\/Logo-Fassade-768x576.png\" class=\"attachment-medium_large size-medium_large wp-image-12647\" alt=\"\" srcset=\"https:\/\/www.vfmg.ch\/wp-content\/uploads\/2024\/01\/Logo-Fassade-768x576.png 768w, https:\/\/www.vfmg.ch\/wp-content\/uploads\/2024\/01\/Logo-Fassade-300x225.png 300w, https:\/\/www.vfmg.ch\/wp-content\/uploads\/2024\/01\/Logo-Fassade-1024x768.png 1024w, https:\/\/www.vfmg.ch\/wp-content\/uploads\/2024\/01\/Logo-Fassade-1536x1152.png 1536w, https:\/\/www.vfmg.ch\/wp-content\/uploads\/2024\/01\/Logo-Fassade-2048x1536.png 2048w, https:\/\/www.vfmg.ch\/wp-content\/uploads\/2024\/01\/Logo-Fassade-16x12.png 16w\" sizes=\"(max-width: 768px) 100vw, 768px\" \/><\/figure><\/a><\/div><\/div><div class=\"e-add-content-area e-add-item-area\"><div class=\"e-add-item e-add-item_title elementor-repeater-item-984728e\" data-item-id=\"984728e\"><h3 class=\"e-add-post-title\"><a href=\"https:\/\/www.vfmg.ch\/fr\/gemeinde\/fmg-biel\/\" title=\"\u00c9glise de rencontre de Bienne\">\u00c9glise de rencontre de Bienne<\/a><\/h3><\/div><div class=\"e-add-item e-add-item_custommeta elementor-repeater-item-f737a1f\" data-item-id=\"f737a1f\"><\/div><div class=\"e-add-item e-add-item_label elementor-repeater-item-b36222a\" data-item-id=\"b36222a\"><a class=\"e-add-labelstatic\" href=\"https:\/\/www.vfmg.ch\/fr\/gemeinde\/fmg-biel\/\">2503 Biel\/Bienne<\/a><\/div><div class=\"e-add-item e-add-item_label elementor-repeater-item-a829d24\" data-item-id=\"a829d24\"><a class=\"e-add-labelstatic\" href=\"https:\/\/www.vfmg.ch\/fr\/gemeinde\/fmg-biel\/\"><a href=\"https:\/\/begegnungskirche.ch\" target=\"_blank\" rel=\"noopener\">https:\/\/begegnungskirche.ch<\/a><\/a><\/div><div class=\"e-add-item e-add-item_label elementor-repeater-item-47626f9\" data-item-id=\"47626f9\"><a class=\"e-add-labelstatic\" href=\"https:\/\/www.vfmg.ch\/fr\/gemeinde\/fmg-biel\/\"><b>Cultes<\/b><\/a><\/div><div class=\"e-add-item e-add-item_custommeta elementor-repeater-item-f3127d3\" data-item-id=\"f3127d3\"><span><span class=\"e-add-label-before\">1er dimanche : <\/span>09:45<\/span><\/div><div class=\"e-add-item e-add-item_custommeta elementor-repeater-item-c01ac00\" data-item-id=\"c01ac00\"><span><span class=\"e-add-label-before\">2e dimanche : <\/span>09:45<\/span><\/div><div class=\"e-add-item e-add-item_custommeta elementor-repeater-item-4116808\" data-item-id=\"4116808\"><span><span class=\"e-add-label-before\">3e dimanche : <\/span>09:45<\/span><\/div><div class=\"e-add-item e-add-item_custommeta elementor-repeater-item-cc3ce96\" data-item-id=\"cc3ce96\"><span><span class=\"e-add-label-before\">4\u00e8me dimanche : <\/span>09:45<\/span><\/div><div class=\"e-add-item e-add-item_custommeta elementor-repeater-item-7d60d1f\" data-item-id=\"7d60d1f\"><span><span class=\"e-add-label-before\">5e dimanche : <\/span>09:45<\/span><\/div><\/div>            <\/div>\r\n                    <\/article>\r\n                <article class=\"e-add-querytype-post e-add-post e-add-post-item e-add-post-item-0070a10 e-add-maps-item e-add-item-maps e-add-item-e-skin post-7053 gemeinde type-gemeinde status-publish hentry region-bern\" data-post-id=\"7053\" data-index=\"19\" data-map-panel data-address=\"\" data-lat=\"46.9600927\" data-lng=\"7.4424933\" data-title=\"FMG Bern\" data-permalink=\"https:\/\/www.vfmg.ch\/fr\/gemeinde\/fmg-bern\/\" data-marker=\"\" data-type=\"latlng\">\r\n                        <div class=\"e-add-post-block e-add-post-block-19\">\r\n                <div class=\"e-add-image-area e-add-item-area\"><div class=\"e-add-item e-add-item_image elementor-repeater-item-6424b46\" data-item-id=\"6424b46\"><a class=\"e-add-post-image\" href=\"https:\/\/www.vfmg.ch\/fr\/gemeinde\/fmg-bern\/\"><figure class=\"e-add-img\"><img loading=\"lazy\" decoding=\"async\" width=\"768\" height=\"576\" src=\"https:\/\/www.vfmg.ch\/wp-content\/uploads\/2021\/05\/IMG_6659-768x576.jpg\" class=\"attachment-medium_large size-medium_large wp-image-7051\" alt=\"\" srcset=\"https:\/\/www.vfmg.ch\/wp-content\/uploads\/2021\/05\/IMG_6659-768x576.jpg 768w, https:\/\/www.vfmg.ch\/wp-content\/uploads\/2021\/05\/IMG_6659-300x225.jpg 300w, https:\/\/www.vfmg.ch\/wp-content\/uploads\/2021\/05\/IMG_6659-1024x768.jpg 1024w, https:\/\/www.vfmg.ch\/wp-content\/uploads\/2021\/05\/IMG_6659-1536x1152.jpg 1536w, https:\/\/www.vfmg.ch\/wp-content\/uploads\/2021\/05\/IMG_6659-2048x1536.jpg 2048w, https:\/\/www.vfmg.ch\/wp-content\/uploads\/2021\/05\/IMG_6659-16x12.jpg 16w\" sizes=\"(max-width: 768px) 100vw, 768px\" \/><\/figure><\/a><\/div><\/div><div class=\"e-add-content-area e-add-item-area\"><div class=\"e-add-item e-add-item_title elementor-repeater-item-984728e\" data-item-id=\"984728e\"><h3 class=\"e-add-post-title\"><a href=\"https:\/\/www.vfmg.ch\/fr\/gemeinde\/fmg-bern\/\" title=\"FMG Berne\">FMG Berne<\/a><\/h3><\/div><div class=\"e-add-item e-add-item_custommeta elementor-repeater-item-f737a1f\" data-item-id=\"f737a1f\"><span>Tauw\u00e4g-Chiuche<\/span><\/div><div class=\"e-add-item e-add-item_label elementor-repeater-item-b36222a\" data-item-id=\"b36222a\"><a class=\"e-add-labelstatic\" href=\"https:\/\/www.vfmg.ch\/fr\/gemeinde\/fmg-bern\/\">3013 Berne<\/a><\/div><div class=\"e-add-item e-add-item_label elementor-repeater-item-a829d24\" data-item-id=\"a829d24\"><a class=\"e-add-labelstatic\" href=\"https:\/\/www.vfmg.ch\/fr\/gemeinde\/fmg-bern\/\"><a href=\"https:\/\/www.fmg-bern.ch\" target=\"_blank\" rel=\"noopener\">https:\/\/www.fmg-bern.ch<\/a><\/a><\/div><div class=\"e-add-item e-add-item_label elementor-repeater-item-47626f9\" data-item-id=\"47626f9\"><a class=\"e-add-labelstatic\" href=\"https:\/\/www.vfmg.ch\/fr\/gemeinde\/fmg-bern\/\"><b>Cultes<\/b><\/a><\/div><div class=\"e-add-item e-add-item_custommeta elementor-repeater-item-f3127d3\" data-item-id=\"f3127d3\"><span><span class=\"e-add-label-before\">1er dimanche : <\/span>10:00<\/span><\/div><div class=\"e-add-item e-add-item_custommeta elementor-repeater-item-c01ac00\" data-item-id=\"c01ac00\"><span><span class=\"e-add-label-before\">2e dimanche : <\/span>10:00<\/span><\/div><div class=\"e-add-item e-add-item_custommeta elementor-repeater-item-4116808\" data-item-id=\"4116808\"><span><span class=\"e-add-label-before\">3e dimanche : <\/span>10:00<\/span><\/div><div class=\"e-add-item e-add-item_custommeta elementor-repeater-item-cc3ce96\" data-item-id=\"cc3ce96\"><span><span class=\"e-add-label-before\">4\u00e8me dimanche : <\/span>10:00<\/span><\/div><div class=\"e-add-item e-add-item_custommeta elementor-repeater-item-7d60d1f\" data-item-id=\"7d60d1f\"><span><span class=\"e-add-label-before\">5e dimanche : <\/span>10:00<\/span><\/div><\/div>            <\/div>\r\n                    <\/article>\r\n                <article class=\"e-add-querytype-post e-add-post e-add-post-item e-add-post-item-0070a10 e-add-maps-item e-add-item-maps e-add-item-e-skin post-6910 gemeinde type-gemeinde status-publish hentry region-aargau-zuerich\" data-post-id=\"6910\" data-index=\"20\" data-map-panel data-address=\"\" data-lat=\"47.570549\" data-lng=\"8.75928\" data-title=\"FMG Dinhard\" data-permalink=\"https:\/\/www.vfmg.ch\/fr\/gemeinde\/fmg-dinhard\/\" data-marker=\"\" data-type=\"latlng\">\r\n                        <div class=\"e-add-post-block e-add-post-block-20\">\r\n                <div class=\"e-add-image-area e-add-item-area\"><div class=\"e-add-item e-add-item_image elementor-repeater-item-6424b46\" data-item-id=\"6424b46\"><a class=\"e-add-post-image\" href=\"https:\/\/www.vfmg.ch\/fr\/gemeinde\/fmg-dinhard\/\"><figure class=\"e-add-img\"><\/figure><\/a><\/div><\/div><div class=\"e-add-content-area e-add-item-area\"><div class=\"e-add-item e-add-item_title elementor-repeater-item-984728e\" data-item-id=\"984728e\"><h3 class=\"e-add-post-title\"><a href=\"https:\/\/www.vfmg.ch\/fr\/gemeinde\/fmg-dinhard\/\" title=\"FMG Dinhard\">FMG Dinhard<\/a><\/h3><\/div><div class=\"e-add-item e-add-item_custommeta elementor-repeater-item-f737a1f\" data-item-id=\"f737a1f\"><span>-<\/span><\/div><div class=\"e-add-item e-add-item_label elementor-repeater-item-b36222a\" data-item-id=\"b36222a\"><a class=\"e-add-labelstatic\" href=\"https:\/\/www.vfmg.ch\/fr\/gemeinde\/fmg-dinhard\/\">8478 Thalheim<\/a><\/div><div class=\"e-add-item e-add-item_label elementor-repeater-item-a829d24\" data-item-id=\"a829d24\"><a class=\"e-add-labelstatic\" href=\"https:\/\/www.vfmg.ch\/fr\/gemeinde\/fmg-dinhard\/\"><a href=\"https:\/\/fmg-dinhard.ch\" target=\"_blank\" rel=\"noopener\">https:\/\/fmg-dinhard.ch<\/a><\/a><\/div><div class=\"e-add-item e-add-item_label elementor-repeater-item-47626f9\" data-item-id=\"47626f9\"><a class=\"e-add-labelstatic\" href=\"https:\/\/www.vfmg.ch\/fr\/gemeinde\/fmg-dinhard\/\"><b>Cultes<\/b><\/a><\/div><div class=\"e-add-item e-add-item_custommeta elementor-repeater-item-f3127d3\" data-item-id=\"f3127d3\"><span><span class=\"e-add-label-before\">1er dimanche : <\/span>09:45<\/span><\/div><div class=\"e-add-item e-add-item_custommeta elementor-repeater-item-c01ac00\" data-item-id=\"c01ac00\"><span><span class=\"e-add-label-before\">2e dimanche : <\/span>09:45<\/span><\/div><div class=\"e-add-item e-add-item_custommeta elementor-repeater-item-4116808\" data-item-id=\"4116808\"><span><span class=\"e-add-label-before\">3e dimanche : <\/span>09:45<\/span><\/div><div class=\"e-add-item e-add-item_custommeta elementor-repeater-item-cc3ce96\" data-item-id=\"cc3ce96\"><span><span class=\"e-add-label-before\">4\u00e8me dimanche : <\/span>09:45<\/span><\/div><div class=\"e-add-item e-add-item_custommeta elementor-repeater-item-7d60d1f\" data-item-id=\"7d60d1f\"><span><span class=\"e-add-label-before\">5e dimanche : <\/span>09:45<\/span><\/div><\/div>            <\/div>\r\n                    <\/article>\r\n                <article class=\"e-add-querytype-post e-add-post e-add-post-item e-add-post-item-0070a10 e-add-maps-item e-add-item-maps e-add-item-e-skin post-6884 gemeinde type-gemeinde status-publish hentry region-romandie\" data-post-id=\"6884\" data-index=\"21\" data-map-panel data-address=\"\" data-lat=\"47.35253\" data-lng=\"7.34159\" data-title=\"Assembl\u00e9e Missionnaire de Del\u00e9mont\" data-permalink=\"https:\/\/www.vfmg.ch\/fr\/gemeinde\/am-delemont\/\" data-marker=\"\" data-type=\"latlng\">\r\n                        <div class=\"e-add-post-block e-add-post-block-21\">\r\n                <div class=\"e-add-image-area e-add-item-area\"><div class=\"e-add-item e-add-item_image elementor-repeater-item-6424b46\" data-item-id=\"6424b46\"><a class=\"e-add-post-image\" href=\"https:\/\/www.vfmg.ch\/fr\/gemeinde\/am-delemont\/\"><figure class=\"e-add-img\"><img loading=\"lazy\" decoding=\"async\" width=\"768\" height=\"432\" src=\"https:\/\/www.vfmg.ch\/wp-content\/uploads\/2021\/04\/83A6581-Pano-SIP_AMD_01-768x432.png\" class=\"attachment-medium_large size-medium_large wp-image-6882\" alt=\"\" srcset=\"https:\/\/www.vfmg.ch\/wp-content\/uploads\/2021\/04\/83A6581-Pano-SIP_AMD_01-768x432.png 768w, https:\/\/www.vfmg.ch\/wp-content\/uploads\/2021\/04\/83A6581-Pano-SIP_AMD_01-300x169.png 300w, https:\/\/www.vfmg.ch\/wp-content\/uploads\/2021\/04\/83A6581-Pano-SIP_AMD_01-1024x576.png 1024w, https:\/\/www.vfmg.ch\/wp-content\/uploads\/2021\/04\/83A6581-Pano-SIP_AMD_01-1536x864.png 1536w, https:\/\/www.vfmg.ch\/wp-content\/uploads\/2021\/04\/83A6581-Pano-SIP_AMD_01-2048x1152.png 2048w, https:\/\/www.vfmg.ch\/wp-content\/uploads\/2021\/04\/83A6581-Pano-SIP_AMD_01-16x9.png 16w\" sizes=\"(max-width: 768px) 100vw, 768px\" \/><\/figure><\/a><\/div><\/div><div class=\"e-add-content-area e-add-item-area\"><div class=\"e-add-item e-add-item_title elementor-repeater-item-984728e\" data-item-id=\"984728e\"><h3 class=\"e-add-post-title\"><a href=\"https:\/\/www.vfmg.ch\/fr\/gemeinde\/am-delemont\/\" title=\"Assembl\u00e9e Missionnaire de Del\u00e9mont\">Assembl\u00e9e Missionnaire de Del\u00e9mont<\/a><\/h3><\/div><div class=\"e-add-item e-add-item_custommeta elementor-repeater-item-f737a1f\" data-item-id=\"f737a1f\"><span>Eglse Evang\u00e9lique<\/span><\/div><div class=\"e-add-item e-add-item_label elementor-repeater-item-b36222a\" data-item-id=\"b36222a\"><a class=\"e-add-labelstatic\" href=\"https:\/\/www.vfmg.ch\/fr\/gemeinde\/am-delemont\/\">2800 Del\u00e9mont<\/a><\/div><div class=\"e-add-item e-add-item_label elementor-repeater-item-a829d24\" data-item-id=\"a829d24\"><a class=\"e-add-labelstatic\" href=\"https:\/\/www.vfmg.ch\/fr\/gemeinde\/am-delemont\/\"><a href=\"https:\/\/amdelemont.ch\" target=\"_blank\" rel=\"noopener\">https:\/\/amdelemont.ch<\/a><\/a><\/div><div class=\"e-add-item e-add-item_label elementor-repeater-item-47626f9\" data-item-id=\"47626f9\"><a class=\"e-add-labelstatic\" href=\"https:\/\/www.vfmg.ch\/fr\/gemeinde\/am-delemont\/\"><b>Cultes<\/b><\/a><\/div><div class=\"e-add-item e-add-item_custommeta elementor-repeater-item-f3127d3\" data-item-id=\"f3127d3\"><span><span class=\"e-add-label-before\">1er dimanche : <\/span>10:00<\/span><\/div><div class=\"e-add-item e-add-item_custommeta elementor-repeater-item-c01ac00\" data-item-id=\"c01ac00\"><span><span class=\"e-add-label-before\">2e dimanche : <\/span>10:00<\/span><\/div><div class=\"e-add-item e-add-item_custommeta elementor-repeater-item-4116808\" data-item-id=\"4116808\"><span><span class=\"e-add-label-before\">3e dimanche : <\/span>10:00<\/span><\/div><div class=\"e-add-item e-add-item_custommeta elementor-repeater-item-cc3ce96\" data-item-id=\"cc3ce96\"><span><span class=\"e-add-label-before\">4\u00e8me dimanche : <\/span>10:00<\/span><\/div><div class=\"e-add-item e-add-item_custommeta elementor-repeater-item-7d60d1f\" data-item-id=\"7d60d1f\"><span><span class=\"e-add-label-before\">5e dimanche : <\/span>10:00<\/span><\/div><\/div>            <\/div>\r\n                    <\/article>\r\n                <article class=\"e-add-querytype-post e-add-post e-add-post-item e-add-post-item-0070a10 e-add-maps-item e-add-item-maps e-add-item-e-skin post-6880 gemeinde type-gemeinde status-publish hentry region-nordwestschweiz\" data-post-id=\"6880\" data-index=\"22\" data-map-panel data-address=\"\" data-lat=\"47.40343\" data-lng=\"7.54484\" data-title=\"FMG Laufental-Thierstein\" data-permalink=\"https:\/\/www.vfmg.ch\/fr\/gemeinde\/fmg-laufental-thierstein\/\" data-marker=\"\" data-type=\"latlng\">\r\n                        <div class=\"e-add-post-block e-add-post-block-22\">\r\n                <div class=\"e-add-image-area e-add-item-area\"><div class=\"e-add-item e-add-item_image elementor-repeater-item-6424b46\" data-item-id=\"6424b46\"><a class=\"e-add-post-image\" href=\"https:\/\/www.vfmg.ch\/fr\/gemeinde\/fmg-laufental-thierstein\/\"><figure class=\"e-add-img\"><img loading=\"lazy\" decoding=\"async\" width=\"768\" height=\"559\" src=\"https:\/\/www.vfmg.ch\/wp-content\/uploads\/2024\/05\/fmg1-768x559.jpg\" class=\"attachment-medium_large size-medium_large wp-image-13844\" alt=\"\" srcset=\"https:\/\/www.vfmg.ch\/wp-content\/uploads\/2024\/05\/fmg1-768x559.jpg 768w, https:\/\/www.vfmg.ch\/wp-content\/uploads\/2024\/05\/fmg1-300x219.jpg 300w, https:\/\/www.vfmg.ch\/wp-content\/uploads\/2024\/05\/fmg1-16x12.jpg 16w, https:\/\/www.vfmg.ch\/wp-content\/uploads\/2024\/05\/fmg1.jpg 843w\" sizes=\"(max-width: 768px) 100vw, 768px\" \/><\/figure><\/a><\/div><\/div><div class=\"e-add-content-area e-add-item-area\"><div class=\"e-add-item e-add-item_title elementor-repeater-item-984728e\" data-item-id=\"984728e\"><h3 class=\"e-add-post-title\"><a href=\"https:\/\/www.vfmg.ch\/fr\/gemeinde\/fmg-laufental-thierstein\/\" title=\"FMG Laufental-Thierstein\">FMG Laufental-Thierstein<\/a><\/h3><\/div><div class=\"e-add-item e-add-item_custommeta elementor-repeater-item-f737a1f\" data-item-id=\"f737a1f\"><\/div><div class=\"e-add-item e-add-item_label elementor-repeater-item-b36222a\" data-item-id=\"b36222a\"><a class=\"e-add-labelstatic\" href=\"https:\/\/www.vfmg.ch\/fr\/gemeinde\/fmg-laufental-thierstein\/\">4226 Breitenbach<\/a><\/div><div class=\"e-add-item e-add-item_label elementor-repeater-item-a829d24\" data-item-id=\"a829d24\"><a class=\"e-add-labelstatic\" href=\"https:\/\/www.vfmg.ch\/fr\/gemeinde\/fmg-laufental-thierstein\/\"><a href=\"https:\/\/fmglt.ch\" target=\"_blank\" rel=\"noopener\">https:\/\/fmglt.ch<\/a><\/a><\/div><div class=\"e-add-item e-add-item_label elementor-repeater-item-47626f9\" data-item-id=\"47626f9\"><a class=\"e-add-labelstatic\" href=\"https:\/\/www.vfmg.ch\/fr\/gemeinde\/fmg-laufental-thierstein\/\"><b>Cultes<\/b><\/a><\/div><div class=\"e-add-item e-add-item_custommeta elementor-repeater-item-f3127d3\" data-item-id=\"f3127d3\"><span><span class=\"e-add-label-before\">1er dimanche : <\/span>10:00<\/span><\/div><div class=\"e-add-item e-add-item_custommeta elementor-repeater-item-c01ac00\" data-item-id=\"c01ac00\"><span><span class=\"e-add-label-before\">2e dimanche : <\/span>19:30<\/span><\/div><div class=\"e-add-item e-add-item_custommeta elementor-repeater-item-4116808\" data-item-id=\"4116808\"><span><span class=\"e-add-label-before\">3e dimanche : <\/span>10:00<\/span><\/div><div class=\"e-add-item e-add-item_custommeta elementor-repeater-item-cc3ce96\" data-item-id=\"cc3ce96\"><span><span class=\"e-add-label-before\">4\u00e8me dimanche : <\/span>10:00<\/span><\/div><div class=\"e-add-item e-add-item_custommeta elementor-repeater-item-7d60d1f\" data-item-id=\"7d60d1f\"><span><span class=\"e-add-label-before\">5e dimanche : <\/span>10:00<\/span><\/div><\/div>            <\/div>\r\n                    <\/article>\r\n                <article class=\"e-add-querytype-post e-add-post e-add-post-item e-add-post-item-0070a10 e-add-maps-item e-add-item-maps e-add-item-e-skin post-6877 gemeinde type-gemeinde status-publish hentry region-aargau-zuerich\" data-post-id=\"6877\" data-index=\"23\" data-map-panel data-address=\"\" data-lat=\"46.79665\" data-lng=\"10.29623\" data-title=\"Raspada Libra Engiadina Bassa\" data-permalink=\"https:\/\/www.vfmg.ch\/fr\/gemeinde\/raspada-libra-engiadina-bassa\/\" data-marker=\"\" data-type=\"latlng\">\r\n                        <div class=\"e-add-post-block e-add-post-block-23\">\r\n                <div class=\"e-add-image-area e-add-item-area\"><div class=\"e-add-item e-add-item_image elementor-repeater-item-6424b46\" data-item-id=\"6424b46\"><a class=\"e-add-post-image\" href=\"https:\/\/www.vfmg.ch\/fr\/gemeinde\/raspada-libra-engiadina-bassa\/\"><figure class=\"e-add-img\"><img loading=\"lazy\" decoding=\"async\" width=\"768\" height=\"512\" src=\"https:\/\/www.vfmg.ch\/wp-content\/uploads\/2021\/04\/Gallaria-Milo-768x512.jpg\" class=\"attachment-medium_large size-medium_large wp-image-6875\" alt=\"\" srcset=\"https:\/\/www.vfmg.ch\/wp-content\/uploads\/2021\/04\/Gallaria-Milo-768x512.jpg 768w, https:\/\/www.vfmg.ch\/wp-content\/uploads\/2021\/04\/Gallaria-Milo-300x200.jpg 300w, https:\/\/www.vfmg.ch\/wp-content\/uploads\/2021\/04\/Gallaria-Milo-16x12.jpg 16w, https:\/\/www.vfmg.ch\/wp-content\/uploads\/2021\/04\/Gallaria-Milo.jpg 1024w\" sizes=\"(max-width: 768px) 100vw, 768px\" \/><\/figure><\/a><\/div><\/div><div class=\"e-add-content-area e-add-item-area\"><div class=\"e-add-item e-add-item_title elementor-repeater-item-984728e\" data-item-id=\"984728e\"><h3 class=\"e-add-post-title\"><a href=\"https:\/\/www.vfmg.ch\/fr\/gemeinde\/raspada-libra-engiadina-bassa\/\" title=\"Raspada Libra Engiadina Bassa\">Raspada Libra Engiadina Bassa<\/a><\/h3><\/div><div class=\"e-add-item e-add-item_custommeta elementor-repeater-item-f737a1f\" data-item-id=\"f737a1f\"><span>FMG Basse-Engadine<\/span><\/div><div class=\"e-add-item e-add-item_label elementor-repeater-item-b36222a\" data-item-id=\"b36222a\"><a class=\"e-add-labelstatic\" href=\"https:\/\/www.vfmg.ch\/fr\/gemeinde\/raspada-libra-engiadina-bassa\/\">7550 Scuol<\/a><\/div><div class=\"e-add-item e-add-item_label elementor-repeater-item-a829d24\" data-item-id=\"a829d24\"><a class=\"e-add-labelstatic\" href=\"https:\/\/www.vfmg.ch\/fr\/gemeinde\/raspada-libra-engiadina-bassa\/\"><a href=\"https:\/\/www.raspadalibra.ch\" target=\"_blank\" rel=\"noopener\">https:\/\/www.raspadalibra.ch<\/a><\/a><\/div><div class=\"e-add-item e-add-item_label elementor-repeater-item-47626f9\" data-item-id=\"47626f9\"><a class=\"e-add-labelstatic\" href=\"https:\/\/www.vfmg.ch\/fr\/gemeinde\/raspada-libra-engiadina-bassa\/\"><b>Cultes<\/b><\/a><\/div><div class=\"e-add-item e-add-item_custommeta elementor-repeater-item-f3127d3\" data-item-id=\"f3127d3\"><\/div><div class=\"e-add-item e-add-item_custommeta elementor-repeater-item-c01ac00\" data-item-id=\"c01ac00\"><\/div><div class=\"e-add-item e-add-item_custommeta elementor-repeater-item-4116808\" data-item-id=\"4116808\"><\/div><div class=\"e-add-item e-add-item_custommeta elementor-repeater-item-cc3ce96\" data-item-id=\"cc3ce96\"><\/div><div class=\"e-add-item e-add-item_custommeta elementor-repeater-item-7d60d1f\" data-item-id=\"7d60d1f\"><\/div><\/div>            <\/div>\r\n                    <\/article>\r\n                <article class=\"e-add-querytype-post e-add-post e-add-post-item e-add-post-item-0070a10 e-add-maps-item e-add-item-maps e-add-item-e-skin post-6809 gemeinde type-gemeinde status-publish hentry region-auswaehlen\" data-post-id=\"6809\" data-index=\"24\" data-map-panel data-address=\"\" data-lat=\"46.90026\" data-lng=\"7.63528\" data-title=\"FMG Grossh\u00f6chstetten\" data-permalink=\"https:\/\/www.vfmg.ch\/fr\/gemeinde\/fmg-grosshoechstetten\/\" data-marker=\"\" data-type=\"latlng\">\r\n                        <div class=\"e-add-post-block e-add-post-block-24\">\r\n                <div class=\"e-add-image-area e-add-item-area\"><div class=\"e-add-item e-add-item_image elementor-repeater-item-6424b46\" data-item-id=\"6424b46\"><a class=\"e-add-post-image\" href=\"https:\/\/www.vfmg.ch\/fr\/gemeinde\/fmg-grosshoechstetten\/\"><figure class=\"e-add-img\"><img loading=\"lazy\" decoding=\"async\" width=\"768\" height=\"501\" src=\"https:\/\/www.vfmg.ch\/wp-content\/uploads\/2021\/04\/Bildschirmfoto-2021-04-24-um-18.56.13-768x501.png\" class=\"attachment-medium_large size-medium_large wp-image-6807\" alt=\"\" srcset=\"https:\/\/www.vfmg.ch\/wp-content\/uploads\/2021\/04\/Bildschirmfoto-2021-04-24-um-18.56.13-768x501.png 768w, https:\/\/www.vfmg.ch\/wp-content\/uploads\/2021\/04\/Bildschirmfoto-2021-04-24-um-18.56.13-300x196.png 300w, https:\/\/www.vfmg.ch\/wp-content\/uploads\/2021\/04\/Bildschirmfoto-2021-04-24-um-18.56.13-1024x667.png 1024w, https:\/\/www.vfmg.ch\/wp-content\/uploads\/2021\/04\/Bildschirmfoto-2021-04-24-um-18.56.13-1536x1001.png 1536w, https:\/\/www.vfmg.ch\/wp-content\/uploads\/2021\/04\/Bildschirmfoto-2021-04-24-um-18.56.13-16x10.png 16w, https:\/\/www.vfmg.ch\/wp-content\/uploads\/2021\/04\/Bildschirmfoto-2021-04-24-um-18.56.13.png 1565w\" sizes=\"(max-width: 768px) 100vw, 768px\" \/><\/figure><\/a><\/div><\/div><div class=\"e-add-content-area e-add-item-area\"><div class=\"e-add-item e-add-item_title elementor-repeater-item-984728e\" data-item-id=\"984728e\"><h3 class=\"e-add-post-title\"><a href=\"https:\/\/www.vfmg.ch\/fr\/gemeinde\/fmg-grosshoechstetten\/\" title=\"FMG Grossh\u00f6chstetten\">FMG Grossh\u00f6chstetten<\/a><\/h3><\/div><div class=\"e-add-item e-add-item_custommeta elementor-repeater-item-f737a1f\" data-item-id=\"f737a1f\"><\/div><div class=\"e-add-item e-add-item_label elementor-repeater-item-b36222a\" data-item-id=\"b36222a\"><a class=\"e-add-labelstatic\" href=\"https:\/\/www.vfmg.ch\/fr\/gemeinde\/fmg-grosshoechstetten\/\">3506 Grossh\u00f6chstetten<\/a><\/div><div class=\"e-add-item e-add-item_label elementor-repeater-item-a829d24\" data-item-id=\"a829d24\"><a class=\"e-add-labelstatic\" href=\"https:\/\/www.vfmg.ch\/fr\/gemeinde\/fmg-grosshoechstetten\/\"><a href=\"https:\/\/www.fmg-grosshoechstetten.ch\" target=\"_blank\" rel=\"noopener\">https:\/\/www.fmg-grosshoechstetten.ch<\/a><\/a><\/div><div class=\"e-add-item e-add-item_label elementor-repeater-item-47626f9\" data-item-id=\"47626f9\"><a class=\"e-add-labelstatic\" href=\"https:\/\/www.vfmg.ch\/fr\/gemeinde\/fmg-grosshoechstetten\/\"><b>Cultes<\/b><\/a><\/div><div class=\"e-add-item e-add-item_custommeta elementor-repeater-item-f3127d3\" data-item-id=\"f3127d3\"><span><span class=\"e-add-label-before\">1er dimanche : <\/span>09:30<\/span><\/div><div class=\"e-add-item e-add-item_custommeta elementor-repeater-item-c01ac00\" data-item-id=\"c01ac00\"><span><span class=\"e-add-label-before\">2e dimanche : <\/span>09:30<\/span><\/div><div class=\"e-add-item e-add-item_custommeta elementor-repeater-item-4116808\" data-item-id=\"4116808\"><\/div><div class=\"e-add-item e-add-item_custommeta elementor-repeater-item-cc3ce96\" data-item-id=\"cc3ce96\"><span><span class=\"e-add-label-before\">4\u00e8me dimanche : <\/span>09:30<\/span><\/div><div class=\"e-add-item e-add-item_custommeta elementor-repeater-item-7d60d1f\" data-item-id=\"7d60d1f\"><span><span class=\"e-add-label-before\">5e dimanche : <\/span>19:00<\/span><\/div><\/div>            <\/div>\r\n                    <\/article>\r\n                <article class=\"e-add-querytype-post e-add-post e-add-post-item e-add-post-item-0070a10 e-add-maps-item e-add-item-maps e-add-item-e-skin post-6756 gemeinde type-gemeinde status-publish hentry region-bern\" data-post-id=\"6756\" data-index=\"25\" data-map-panel data-address=\"\" data-lat=\"47.03716\" data-lng=\"7.62539\" data-title=\"FMG Oberburg-Burgdorf\" data-permalink=\"https:\/\/www.vfmg.ch\/fr\/gemeinde\/freie-missionsgemeinde-fmg\/\" data-marker=\"\" data-type=\"latlng\">\r\n                        <div class=\"e-add-post-block e-add-post-block-25\">\r\n                <div class=\"e-add-image-area e-add-item-area\"><div class=\"e-add-item e-add-item_image elementor-repeater-item-6424b46\" data-item-id=\"6424b46\"><a class=\"e-add-post-image\" href=\"https:\/\/www.vfmg.ch\/fr\/gemeinde\/freie-missionsgemeinde-fmg\/\"><figure class=\"e-add-img\"><img loading=\"lazy\" decoding=\"async\" width=\"768\" height=\"511\" src=\"https:\/\/www.vfmg.ch\/wp-content\/uploads\/2025\/05\/fmg_Gebaeude_018-768x511.jpg\" class=\"attachment-medium_large size-medium_large wp-image-15940\" alt=\"\" srcset=\"https:\/\/www.vfmg.ch\/wp-content\/uploads\/2025\/05\/fmg_Gebaeude_018-768x511.jpg 768w, https:\/\/www.vfmg.ch\/wp-content\/uploads\/2025\/05\/fmg_Gebaeude_018-300x200.jpg 300w, https:\/\/www.vfmg.ch\/wp-content\/uploads\/2025\/05\/fmg_Gebaeude_018-1024x681.jpg 1024w, https:\/\/www.vfmg.ch\/wp-content\/uploads\/2025\/05\/fmg_Gebaeude_018-1536x1022.jpg 1536w, https:\/\/www.vfmg.ch\/wp-content\/uploads\/2025\/05\/fmg_Gebaeude_018-2048x1362.jpg 2048w, https:\/\/www.vfmg.ch\/wp-content\/uploads\/2025\/05\/fmg_Gebaeude_018-18x12.jpg 18w\" sizes=\"(max-width: 768px) 100vw, 768px\" \/><\/figure><\/a><\/div><\/div><div class=\"e-add-content-area e-add-item-area\"><div class=\"e-add-item e-add-item_title elementor-repeater-item-984728e\" data-item-id=\"984728e\"><h3 class=\"e-add-post-title\"><a href=\"https:\/\/www.vfmg.ch\/fr\/gemeinde\/freie-missionsgemeinde-fmg\/\" title=\"FMG Oberburg-Burgdorf\">FMG Oberburg-Burgdorf<\/a><\/h3><\/div><div class=\"e-add-item e-add-item_custommeta elementor-repeater-item-f737a1f\" data-item-id=\"f737a1f\"><span>\u00e9glise \u00e9vang\u00e9lique libre<\/span><\/div><div class=\"e-add-item e-add-item_label elementor-repeater-item-b36222a\" data-item-id=\"b36222a\"><a class=\"e-add-labelstatic\" href=\"https:\/\/www.vfmg.ch\/fr\/gemeinde\/freie-missionsgemeinde-fmg\/\">3414 Oberburg<\/a><\/div><div class=\"e-add-item e-add-item_label elementor-repeater-item-a829d24\" data-item-id=\"a829d24\"><a class=\"e-add-labelstatic\" href=\"https:\/\/www.vfmg.ch\/fr\/gemeinde\/freie-missionsgemeinde-fmg\/\"><a href=\"https:\/\/www.fmg-oberburg.ch\" target=\"_blank\" rel=\"noopener\">https:\/\/www.fmg-oberburg.ch<\/a><\/a><\/div><div class=\"e-add-item e-add-item_label elementor-repeater-item-47626f9\" data-item-id=\"47626f9\"><a class=\"e-add-labelstatic\" href=\"https:\/\/www.vfmg.ch\/fr\/gemeinde\/freie-missionsgemeinde-fmg\/\"><b>Cultes<\/b><\/a><\/div><div class=\"e-add-item e-add-item_custommeta elementor-repeater-item-f3127d3\" data-item-id=\"f3127d3\"><span><span class=\"e-add-label-before\">1er dimanche : <\/span>09:30<\/span><\/div><div class=\"e-add-item e-add-item_custommeta elementor-repeater-item-c01ac00\" data-item-id=\"c01ac00\"><span><span class=\"e-add-label-before\">2e dimanche : <\/span>09:30<\/span><\/div><div class=\"e-add-item e-add-item_custommeta elementor-repeater-item-4116808\" data-item-id=\"4116808\"><span><span class=\"e-add-label-before\">3e dimanche : <\/span>09:30<\/span><\/div><div class=\"e-add-item e-add-item_custommeta elementor-repeater-item-cc3ce96\" data-item-id=\"cc3ce96\"><span><span class=\"e-add-label-before\">4\u00e8me dimanche : <\/span>09:30<\/span><\/div><div class=\"e-add-item e-add-item_custommeta elementor-repeater-item-7d60d1f\" data-item-id=\"7d60d1f\"><\/div><\/div>            <\/div>\r\n                    <\/article>\r\n                <article class=\"e-add-querytype-post e-add-post e-add-post-item e-add-post-item-0070a10 e-add-maps-item e-add-item-maps e-add-item-e-skin post-6658 gemeinde type-gemeinde status-publish hentry alphabet-o region-bern-oberland\" data-post-id=\"6658\" data-index=\"26\" data-map-panel data-address=\"\" data-lat=\"46.65989\" data-lng=\"7.4498\" data-title=\"FMG Oberwil\" data-permalink=\"https:\/\/www.vfmg.ch\/fr\/gemeinde\/fmg-oberwil\/\" data-marker=\"\" data-type=\"latlng\">\r\n                        <div class=\"e-add-post-block e-add-post-block-26\">\r\n                <div class=\"e-add-image-area e-add-item-area\"><div class=\"e-add-item e-add-item_image elementor-repeater-item-6424b46\" data-item-id=\"6424b46\"><a class=\"e-add-post-image\" href=\"https:\/\/www.vfmg.ch\/fr\/gemeinde\/fmg-oberwil\/\"><figure class=\"e-add-img\"><img loading=\"lazy\" decoding=\"async\" width=\"768\" height=\"432\" src=\"https:\/\/www.vfmg.ch\/wp-content\/uploads\/2021\/04\/FMG-Oberwil-768x432.jpg\" class=\"attachment-medium_large size-medium_large wp-image-6675\" alt=\"\" srcset=\"https:\/\/www.vfmg.ch\/wp-content\/uploads\/2021\/04\/FMG-Oberwil-768x432.jpg 768w, https:\/\/www.vfmg.ch\/wp-content\/uploads\/2021\/04\/FMG-Oberwil-300x169.jpg 300w, https:\/\/www.vfmg.ch\/wp-content\/uploads\/2021\/04\/FMG-Oberwil-1024x576.jpg 1024w, https:\/\/www.vfmg.ch\/wp-content\/uploads\/2021\/04\/FMG-Oberwil-1536x863.jpg 1536w, https:\/\/www.vfmg.ch\/wp-content\/uploads\/2021\/04\/FMG-Oberwil-2048x1151.jpg 2048w, https:\/\/www.vfmg.ch\/wp-content\/uploads\/2021\/04\/FMG-Oberwil-16x9.jpg 16w\" sizes=\"(max-width: 768px) 100vw, 768px\" \/><\/figure><\/a><\/div><\/div><div class=\"e-add-content-area e-add-item-area\"><div class=\"e-add-item e-add-item_title elementor-repeater-item-984728e\" data-item-id=\"984728e\"><h3 class=\"e-add-post-title\"><a href=\"https:\/\/www.vfmg.ch\/fr\/gemeinde\/fmg-oberwil\/\" title=\"FMG Oberwil\">FMG Oberwil<\/a><\/h3><\/div><div class=\"e-add-item e-add-item_custommeta elementor-repeater-item-f737a1f\" data-item-id=\"f737a1f\"><span>\u00c9glise \u00e9vang\u00e9lique libre<\/span><\/div><div class=\"e-add-item e-add-item_label elementor-repeater-item-b36222a\" data-item-id=\"b36222a\"><a class=\"e-add-labelstatic\" href=\"https:\/\/www.vfmg.ch\/fr\/gemeinde\/fmg-oberwil\/\">3765 Oberwil i. S.<\/a><\/div><div class=\"e-add-item e-add-item_label elementor-repeater-item-a829d24\" data-item-id=\"a829d24\"><a class=\"e-add-labelstatic\" href=\"https:\/\/www.vfmg.ch\/fr\/gemeinde\/fmg-oberwil\/\"><a href=\"https:\/\/www.fmg-oberwil.ch\" target=\"_blank\" rel=\"noopener\">https:\/\/www.fmg-oberwil.ch<\/a><\/a><\/div><div class=\"e-add-item e-add-item_label elementor-repeater-item-47626f9\" data-item-id=\"47626f9\"><a class=\"e-add-labelstatic\" href=\"https:\/\/www.vfmg.ch\/fr\/gemeinde\/fmg-oberwil\/\"><b>Cultes<\/b><\/a><\/div><div class=\"e-add-item e-add-item_custommeta elementor-repeater-item-f3127d3\" data-item-id=\"f3127d3\"><span><span class=\"e-add-label-before\">1er dimanche : <\/span>09:50<\/span><\/div><div class=\"e-add-item e-add-item_custommeta elementor-repeater-item-c01ac00\" data-item-id=\"c01ac00\"><span><span class=\"e-add-label-before\">2e dimanche : <\/span>09:50<\/span><\/div><div class=\"e-add-item e-add-item_custommeta elementor-repeater-item-4116808\" data-item-id=\"4116808\"><span><span class=\"e-add-label-before\">3e dimanche : <\/span>09:50<\/span><\/div><div class=\"e-add-item e-add-item_custommeta elementor-repeater-item-cc3ce96\" data-item-id=\"cc3ce96\"><span><span class=\"e-add-label-before\">4\u00e8me dimanche : <\/span>09:50<\/span><\/div><div class=\"e-add-item e-add-item_custommeta elementor-repeater-item-7d60d1f\" data-item-id=\"7d60d1f\"><span><span class=\"e-add-label-before\">5e dimanche : <\/span>09:50<\/span><\/div><\/div>            <\/div>\r\n                    <\/article>\r\n                <article class=\"e-add-querytype-post e-add-post e-add-post-item e-add-post-item-0070a10 e-add-maps-item e-add-item-maps e-add-item-e-skin post-6626 gemeinde type-gemeinde status-publish hentry region-aargau-zuerich\" data-post-id=\"6626\" data-index=\"27\" data-map-panel data-address=\"\" data-lat=\"47.39181\" data-lng=\"8.5267\" data-title=\"Freie Kirche Wipkingen\" data-permalink=\"https:\/\/www.vfmg.ch\/fr\/gemeinde\/fmg-zuerich\/\" data-marker=\"\" data-type=\"latlng\">\r\n                        <div class=\"e-add-post-block e-add-post-block-27\">\r\n                <div class=\"e-add-image-area e-add-item-area\"><div class=\"e-add-item e-add-item_image elementor-repeater-item-6424b46\" data-item-id=\"6424b46\"><a class=\"e-add-post-image\" href=\"https:\/\/www.vfmg.ch\/fr\/gemeinde\/fmg-zuerich\/\"><figure class=\"e-add-img\"><img loading=\"lazy\" decoding=\"async\" width=\"768\" height=\"576\" src=\"https:\/\/www.vfmg.ch\/wp-content\/uploads\/2025\/05\/PXL_20250518_105230700-768x576.jpg\" class=\"attachment-medium_large size-medium_large wp-image-15938\" alt=\"\" srcset=\"https:\/\/www.vfmg.ch\/wp-content\/uploads\/2025\/05\/PXL_20250518_105230700-768x576.jpg 768w, https:\/\/www.vfmg.ch\/wp-content\/uploads\/2025\/05\/PXL_20250518_105230700-300x225.jpg 300w, https:\/\/www.vfmg.ch\/wp-content\/uploads\/2025\/05\/PXL_20250518_105230700-1024x768.jpg 1024w, https:\/\/www.vfmg.ch\/wp-content\/uploads\/2025\/05\/PXL_20250518_105230700-1536x1152.jpg 1536w, https:\/\/www.vfmg.ch\/wp-content\/uploads\/2025\/05\/PXL_20250518_105230700-2048x1536.jpg 2048w, https:\/\/www.vfmg.ch\/wp-content\/uploads\/2025\/05\/PXL_20250518_105230700-16x12.jpg 16w\" sizes=\"(max-width: 768px) 100vw, 768px\" \/><\/figure><\/a><\/div><\/div><div class=\"e-add-content-area e-add-item-area\"><div class=\"e-add-item e-add-item_title elementor-repeater-item-984728e\" data-item-id=\"984728e\"><h3 class=\"e-add-post-title\"><a href=\"https:\/\/www.vfmg.ch\/fr\/gemeinde\/fmg-zuerich\/\" title=\"\u00c9glise Libre Wipkingen\">\u00c9glise Libre Wipkingen<\/a><\/h3><\/div><div class=\"e-add-item e-add-item_custommeta elementor-repeater-item-f737a1f\" data-item-id=\"f737a1f\"><\/div><div class=\"e-add-item e-add-item_label elementor-repeater-item-b36222a\" data-item-id=\"b36222a\"><a class=\"e-add-labelstatic\" href=\"https:\/\/www.vfmg.ch\/fr\/gemeinde\/fmg-zuerich\/\">8037 Zurich<\/a><\/div><div class=\"e-add-item e-add-item_label elementor-repeater-item-a829d24\" data-item-id=\"a829d24\"><a class=\"e-add-labelstatic\" href=\"https:\/\/www.vfmg.ch\/fr\/gemeinde\/fmg-zuerich\/\"><a href=\"https:\/\/kirchewipkingen.ch\" target=\"_blank\" rel=\"noopener\">https:\/\/kirchewipkingen.ch<\/a><\/a><\/div><div class=\"e-add-item e-add-item_label elementor-repeater-item-47626f9\" data-item-id=\"47626f9\"><a class=\"e-add-labelstatic\" href=\"https:\/\/www.vfmg.ch\/fr\/gemeinde\/fmg-zuerich\/\"><b>Cultes<\/b><\/a><\/div><div class=\"e-add-item e-add-item_custommeta elementor-repeater-item-f3127d3\" data-item-id=\"f3127d3\"><span><span class=\"e-add-label-before\">1er dimanche : <\/span>10:00<\/span><\/div><div class=\"e-add-item e-add-item_custommeta elementor-repeater-item-c01ac00\" data-item-id=\"c01ac00\"><span><span class=\"e-add-label-before\">2e dimanche : <\/span>10:00<\/span><\/div><div class=\"e-add-item e-add-item_custommeta elementor-repeater-item-4116808\" data-item-id=\"4116808\"><span><span class=\"e-add-label-before\">3e dimanche : <\/span>10:00<\/span><\/div><div class=\"e-add-item e-add-item_custommeta elementor-repeater-item-cc3ce96\" data-item-id=\"cc3ce96\"><span><span class=\"e-add-label-before\">4\u00e8me dimanche : <\/span>10:00<\/span><\/div><div class=\"e-add-item e-add-item_custommeta elementor-repeater-item-7d60d1f\" data-item-id=\"7d60d1f\"><span><span class=\"e-add-label-before\">5e dimanche : <\/span>10:00<\/span><\/div><\/div>            <\/div>\r\n                    <\/article>\r\n                <article class=\"e-add-querytype-post e-add-post e-add-post-item e-add-post-item-0070a10 e-add-maps-item e-add-item-maps e-add-item-e-skin post-6609 gemeinde type-gemeinde status-publish hentry region-bern-oberland\" data-post-id=\"6609\" data-index=\"28\" data-map-panel data-address=\"\" data-lat=\"46.771148\" data-lng=\"7.619287\" data-title=\"Kirche B-Nord\" data-permalink=\"https:\/\/www.vfmg.ch\/fr\/gemeinde\/kirche-b-nord\/\" data-marker=\"\" data-type=\"latlng\">\r\n                        <div class=\"e-add-post-block e-add-post-block-28\">\r\n                <div class=\"e-add-image-area e-add-item-area\"><div class=\"e-add-item e-add-item_image elementor-repeater-item-6424b46\" data-item-id=\"6424b46\"><a class=\"e-add-post-image\" href=\"https:\/\/www.vfmg.ch\/fr\/gemeinde\/kirche-b-nord\/\"><figure class=\"e-add-img\"><img loading=\"lazy\" decoding=\"async\" width=\"768\" height=\"512\" src=\"https:\/\/www.vfmg.ch\/wp-content\/uploads\/2021\/10\/Eingang-B-Nord-768x512.jpg\" class=\"attachment-medium_large size-medium_large wp-image-7455\" alt=\"\" srcset=\"https:\/\/www.vfmg.ch\/wp-content\/uploads\/2021\/10\/Eingang-B-Nord-768x512.jpg 768w, https:\/\/www.vfmg.ch\/wp-content\/uploads\/2021\/10\/Eingang-B-Nord-300x200.jpg 300w, https:\/\/www.vfmg.ch\/wp-content\/uploads\/2021\/10\/Eingang-B-Nord-1024x683.jpg 1024w, https:\/\/www.vfmg.ch\/wp-content\/uploads\/2021\/10\/Eingang-B-Nord-1536x1024.jpg 1536w, https:\/\/www.vfmg.ch\/wp-content\/uploads\/2021\/10\/Eingang-B-Nord-2048x1365.jpg 2048w, https:\/\/www.vfmg.ch\/wp-content\/uploads\/2021\/10\/Eingang-B-Nord-18x12.jpg 18w\" sizes=\"(max-width: 768px) 100vw, 768px\" \/><\/figure><\/a><\/div><\/div><div class=\"e-add-content-area e-add-item-area\"><div class=\"e-add-item e-add-item_title elementor-repeater-item-984728e\" data-item-id=\"984728e\"><h3 class=\"e-add-post-title\"><a href=\"https:\/\/www.vfmg.ch\/fr\/gemeinde\/kirche-b-nord\/\" title=\"\u00c9glise B-Nord\">\u00c9glise B-Nord<\/a><\/h3><\/div><div class=\"e-add-item e-add-item_custommeta elementor-repeater-item-f737a1f\" data-item-id=\"f737a1f\"><span>\u00e9glise \u00e9vang\u00e9lique libre<\/span><\/div><div class=\"e-add-item e-add-item_label elementor-repeater-item-b36222a\" data-item-id=\"b36222a\"><a class=\"e-add-labelstatic\" href=\"https:\/\/www.vfmg.ch\/fr\/gemeinde\/kirche-b-nord\/\">3613 Steffisburg<\/a><\/div><div class=\"e-add-item e-add-item_label elementor-repeater-item-a829d24\" data-item-id=\"a829d24\"><a class=\"e-add-labelstatic\" href=\"https:\/\/www.vfmg.ch\/fr\/gemeinde\/kirche-b-nord\/\"><a href=\"https:\/\/b-nord.ch\" target=\"_blank\" rel=\"noopener\">https:\/\/b-nord.ch<\/a><\/a><\/div><div class=\"e-add-item e-add-item_label elementor-repeater-item-47626f9\" data-item-id=\"47626f9\"><a class=\"e-add-labelstatic\" href=\"https:\/\/www.vfmg.ch\/fr\/gemeinde\/kirche-b-nord\/\"><b>Cultes<\/b><\/a><\/div><div class=\"e-add-item e-add-item_custommeta elementor-repeater-item-f3127d3\" data-item-id=\"f3127d3\"><span><span class=\"e-add-label-before\">1er dimanche : <\/span>10:00<\/span><\/div><div class=\"e-add-item e-add-item_custommeta elementor-repeater-item-c01ac00\" data-item-id=\"c01ac00\"><span><span class=\"e-add-label-before\">2e dimanche : <\/span>10:00<\/span><\/div><div class=\"e-add-item e-add-item_custommeta elementor-repeater-item-4116808\" data-item-id=\"4116808\"><span><span class=\"e-add-label-before\">3e dimanche : <\/span>10:00<\/span><\/div><div class=\"e-add-item e-add-item_custommeta elementor-repeater-item-cc3ce96\" data-item-id=\"cc3ce96\"><span><span class=\"e-add-label-before\">4\u00e8me dimanche : <\/span>10:00<\/span><\/div><div class=\"e-add-item e-add-item_custommeta elementor-repeater-item-7d60d1f\" data-item-id=\"7d60d1f\"><span><span class=\"e-add-label-before\">5e dimanche : <\/span>10:00<\/span><\/div><\/div>            <\/div>\r\n                    <\/article>\r\n                <article class=\"e-add-querytype-post e-add-post e-add-post-item e-add-post-item-0070a10 e-add-maps-item e-add-item-maps e-add-item-e-skin post-6606 gemeinde type-gemeinde status-publish hentry region-bern-oberland\" data-post-id=\"6606\" data-index=\"29\" data-map-panel data-address=\"\" data-lat=\"46.503137077242314\" data-lng=\"7.5728106460269045\" data-title=\"FMG Adelboden\" data-permalink=\"https:\/\/www.vfmg.ch\/fr\/gemeinde\/fmg-adelboden\/\" data-marker=\"\" data-type=\"latlng\">\r\n                        <div class=\"e-add-post-block e-add-post-block-29\">\r\n                <div class=\"e-add-image-area e-add-item-area\"><div class=\"e-add-item e-add-item_image elementor-repeater-item-6424b46\" data-item-id=\"6424b46\"><a class=\"e-add-post-image\" href=\"https:\/\/www.vfmg.ch\/fr\/gemeinde\/fmg-adelboden\/\"><figure class=\"e-add-img\"><img loading=\"lazy\" decoding=\"async\" width=\"768\" height=\"576\" src=\"https:\/\/www.vfmg.ch\/wp-content\/uploads\/2024\/01\/IMG_1247-768x576.jpg\" class=\"attachment-medium_large size-medium_large wp-image-12644\" alt=\"\" srcset=\"https:\/\/www.vfmg.ch\/wp-content\/uploads\/2024\/01\/IMG_1247-768x576.jpg 768w, https:\/\/www.vfmg.ch\/wp-content\/uploads\/2024\/01\/IMG_1247-300x225.jpg 300w, https:\/\/www.vfmg.ch\/wp-content\/uploads\/2024\/01\/IMG_1247-1024x768.jpg 1024w, https:\/\/www.vfmg.ch\/wp-content\/uploads\/2024\/01\/IMG_1247-1536x1152.jpg 1536w, https:\/\/www.vfmg.ch\/wp-content\/uploads\/2024\/01\/IMG_1247-2048x1536.jpg 2048w, https:\/\/www.vfmg.ch\/wp-content\/uploads\/2024\/01\/IMG_1247-16x12.jpg 16w\" sizes=\"(max-width: 768px) 100vw, 768px\" \/><\/figure><\/a><\/div><\/div><div class=\"e-add-content-area e-add-item-area\"><div class=\"e-add-item e-add-item_title elementor-repeater-item-984728e\" data-item-id=\"984728e\"><h3 class=\"e-add-post-title\"><a href=\"https:\/\/www.vfmg.ch\/fr\/gemeinde\/fmg-adelboden\/\" title=\"FMG Adelboden\">FMG Adelboden<\/a><\/h3><\/div><div class=\"e-add-item e-add-item_custommeta elementor-repeater-item-f737a1f\" data-item-id=\"f737a1f\"><\/div><div class=\"e-add-item e-add-item_label elementor-repeater-item-b36222a\" data-item-id=\"b36222a\"><a class=\"e-add-labelstatic\" href=\"https:\/\/www.vfmg.ch\/fr\/gemeinde\/fmg-adelboden\/\">3715 Adelboden<\/a><\/div><div class=\"e-add-item e-add-item_label elementor-repeater-item-a829d24\" data-item-id=\"a829d24\"><a class=\"e-add-labelstatic\" href=\"https:\/\/www.vfmg.ch\/fr\/gemeinde\/fmg-adelboden\/\"><a href=\"https:\/\/www.fmg-adelboden.ch\" target=\"_blank\" rel=\"noopener\">https:\/\/www.fmg-adelboden.ch<\/a><\/a><\/div><div class=\"e-add-item e-add-item_label elementor-repeater-item-47626f9\" data-item-id=\"47626f9\"><a class=\"e-add-labelstatic\" href=\"https:\/\/www.vfmg.ch\/fr\/gemeinde\/fmg-adelboden\/\"><b>Cultes<\/b><\/a><\/div><div class=\"e-add-item e-add-item_custommeta elementor-repeater-item-f3127d3\" data-item-id=\"f3127d3\"><span><span class=\"e-add-label-before\">1er dimanche : <\/span>10:00<\/span><\/div><div class=\"e-add-item e-add-item_custommeta elementor-repeater-item-c01ac00\" data-item-id=\"c01ac00\"><span><span class=\"e-add-label-before\">2e dimanche : <\/span>11:00<\/span><\/div><div class=\"e-add-item e-add-item_custommeta elementor-repeater-item-4116808\" data-item-id=\"4116808\"><span><span class=\"e-add-label-before\">3e dimanche : <\/span>10:00<\/span><\/div><div class=\"e-add-item e-add-item_custommeta elementor-repeater-item-cc3ce96\" data-item-id=\"cc3ce96\"><span><span class=\"e-add-label-before\">4\u00e8me dimanche : <\/span>10:00<\/span><\/div><div class=\"e-add-item e-add-item_custommeta elementor-repeater-item-7d60d1f\" data-item-id=\"7d60d1f\"><span><span class=\"e-add-label-before\">5e dimanche : <\/span>10:00<\/span><\/div><\/div>            <\/div>\r\n                    <\/article>\r\n                <article class=\"e-add-querytype-post e-add-post e-add-post-item e-add-post-item-0070a10 e-add-maps-item e-add-item-maps e-add-item-e-skin post-6601 gemeinde type-gemeinde status-publish hentry region-aargau-zuerich\" data-post-id=\"6601\" data-index=\"30\" data-map-panel data-address=\"\" data-lat=\"47.38581\" data-lng=\"8.12508\" data-title=\"FMG Hunzenschwil\" data-permalink=\"https:\/\/www.vfmg.ch\/fr\/gemeinde\/fmg-hunzenschwil\/\" data-marker=\"\" data-type=\"latlng\">\r\n                        <div class=\"e-add-post-block e-add-post-block-30\">\r\n                <div class=\"e-add-image-area e-add-item-area\"><div class=\"e-add-item e-add-item_image elementor-repeater-item-6424b46\" data-item-id=\"6424b46\"><a class=\"e-add-post-image\" href=\"https:\/\/www.vfmg.ch\/fr\/gemeinde\/fmg-hunzenschwil\/\"><figure class=\"e-add-img\"><img loading=\"lazy\" decoding=\"async\" width=\"768\" height=\"514\" src=\"https:\/\/www.vfmg.ch\/wp-content\/uploads\/2021\/04\/DSC_0017-1-768x514.jpg\" class=\"attachment-medium_large size-medium_large wp-image-6599\" alt=\"\" srcset=\"https:\/\/www.vfmg.ch\/wp-content\/uploads\/2021\/04\/DSC_0017-1-768x514.jpg 768w, https:\/\/www.vfmg.ch\/wp-content\/uploads\/2021\/04\/DSC_0017-1-300x201.jpg 300w, https:\/\/www.vfmg.ch\/wp-content\/uploads\/2021\/04\/DSC_0017-1-1024x685.jpg 1024w, https:\/\/www.vfmg.ch\/wp-content\/uploads\/2021\/04\/DSC_0017-1-1536x1027.jpg 1536w, https:\/\/www.vfmg.ch\/wp-content\/uploads\/2021\/04\/DSC_0017-1-2048x1370.jpg 2048w, https:\/\/www.vfmg.ch\/wp-content\/uploads\/2021\/04\/DSC_0017-1-16x12.jpg 16w\" sizes=\"(max-width: 768px) 100vw, 768px\" \/><\/figure><\/a><\/div><\/div><div class=\"e-add-content-area e-add-item-area\"><div class=\"e-add-item e-add-item_title elementor-repeater-item-984728e\" data-item-id=\"984728e\"><h3 class=\"e-add-post-title\"><a href=\"https:\/\/www.vfmg.ch\/fr\/gemeinde\/fmg-hunzenschwil\/\" title=\"FMG Hunzenschwil\">FMG Hunzenschwil<\/a><\/h3><\/div><div class=\"e-add-item e-add-item_custommeta elementor-repeater-item-f737a1f\" data-item-id=\"f737a1f\"><\/div><div class=\"e-add-item e-add-item_label elementor-repeater-item-b36222a\" data-item-id=\"b36222a\"><a class=\"e-add-labelstatic\" href=\"https:\/\/www.vfmg.ch\/fr\/gemeinde\/fmg-hunzenschwil\/\">5502 Hunzenschwil<\/a><\/div><div class=\"e-add-item e-add-item_label elementor-repeater-item-a829d24\" data-item-id=\"a829d24\"><a class=\"e-add-labelstatic\" href=\"https:\/\/www.vfmg.ch\/fr\/gemeinde\/fmg-hunzenschwil\/\"><a href=\"https:\/\/fmgh.ch\" target=\"_blank\" rel=\"noopener\">https:\/\/fmgh.ch<\/a><\/a><\/div><div class=\"e-add-item e-add-item_label elementor-repeater-item-47626f9\" data-item-id=\"47626f9\"><a class=\"e-add-labelstatic\" href=\"https:\/\/www.vfmg.ch\/fr\/gemeinde\/fmg-hunzenschwil\/\"><b>Cultes<\/b><\/a><\/div><div class=\"e-add-item e-add-item_custommeta elementor-repeater-item-f3127d3\" data-item-id=\"f3127d3\"><span><span class=\"e-add-label-before\">1er dimanche : <\/span>10:00<\/span><\/div><div class=\"e-add-item e-add-item_custommeta elementor-repeater-item-c01ac00\" data-item-id=\"c01ac00\"><span><span class=\"e-add-label-before\">2e dimanche : <\/span>10:00<\/span><\/div><div class=\"e-add-item e-add-item_custommeta elementor-repeater-item-4116808\" data-item-id=\"4116808\"><span><span class=\"e-add-label-before\">3e dimanche : <\/span>10:00<\/span><\/div><div class=\"e-add-item e-add-item_custommeta elementor-repeater-item-cc3ce96\" data-item-id=\"cc3ce96\"><span><span class=\"e-add-label-before\">4\u00e8me dimanche : <\/span>10:00<\/span><\/div><div class=\"e-add-item e-add-item_custommeta elementor-repeater-item-7d60d1f\" data-item-id=\"7d60d1f\"><span><span class=\"e-add-label-before\">5e dimanche : <\/span>10:00<\/span><\/div><\/div>            <\/div>\r\n                    <\/article>\r\n                <article class=\"e-add-querytype-post e-add-post e-add-post-item e-add-post-item-0070a10 e-add-maps-item e-add-item-maps e-add-item-e-skin post-6484 gemeinde type-gemeinde status-publish hentry region-vfmg\" data-post-id=\"6484\" data-index=\"31\" data-map-panel data-address=\"\" data-lat=\"46.89988\" data-lng=\"7.54962\" data-title=\"VFMG\" data-permalink=\"https:\/\/www.vfmg.ch\/fr\/gemeinde\/vfmg\/\" data-marker=\"\" data-type=\"latlng\">\r\n                        <div class=\"e-add-post-block e-add-post-block-31\">\r\n                <div class=\"e-add-image-area e-add-item-area\"><div class=\"e-add-item e-add-item_image elementor-repeater-item-6424b46\" data-item-id=\"6424b46\"><a class=\"e-add-post-image\" href=\"https:\/\/www.vfmg.ch\/fr\/gemeinde\/vfmg\/\"><figure class=\"e-add-img\"><img loading=\"lazy\" decoding=\"async\" width=\"627\" height=\"436\" src=\"https:\/\/www.vfmg.ch\/wp-content\/uploads\/2021\/04\/Eingang_VFMG.png\" class=\"attachment-medium_large size-medium_large wp-image-6482\" alt=\"\" srcset=\"https:\/\/www.vfmg.ch\/wp-content\/uploads\/2021\/04\/Eingang_VFMG.png 627w, https:\/\/www.vfmg.ch\/wp-content\/uploads\/2021\/04\/Eingang_VFMG-300x209.png 300w\" sizes=\"(max-width: 627px) 100vw, 627px\" \/><\/figure><\/a><\/div><\/div><div class=\"e-add-content-area e-add-item-area\"><div class=\"e-add-item e-add-item_title elementor-repeater-item-984728e\" data-item-id=\"984728e\"><h3 class=\"e-add-post-title\"><a href=\"https:\/\/www.vfmg.ch\/fr\/gemeinde\/vfmg\/\" title=\"VFMG\">VFMG<\/a><\/h3><\/div><div class=\"e-add-item e-add-item_custommeta elementor-repeater-item-f737a1f\" data-item-id=\"f737a1f\"><span>l'Union des Assembl\u00e9es Missionnaires<\/span><\/div><div class=\"e-add-item e-add-item_label elementor-repeater-item-b36222a\" data-item-id=\"b36222a\"><a class=\"e-add-labelstatic\" href=\"https:\/\/www.vfmg.ch\/fr\/gemeinde\/vfmg\/\">3113 Rubigen<\/a><\/div><div class=\"e-add-item e-add-item_label elementor-repeater-item-a829d24\" data-item-id=\"a829d24\"><a class=\"e-add-labelstatic\" href=\"https:\/\/www.vfmg.ch\/fr\/gemeinde\/vfmg\/\"><a href=\"https:\/\/www.vfmg.ch\/fr\/\">https:\/\/www.vfmg.ch<\/a><\/a><\/div><div class=\"e-add-item e-add-item_label elementor-repeater-item-47626f9\" data-item-id=\"47626f9\"><a class=\"e-add-labelstatic\" href=\"https:\/\/www.vfmg.ch\/fr\/gemeinde\/vfmg\/\"><b>Cultes<\/b><\/a><\/div><div class=\"e-add-item e-add-item_custommeta elementor-repeater-item-f3127d3\" data-item-id=\"f3127d3\"><\/div><div class=\"e-add-item e-add-item_custommeta elementor-repeater-item-c01ac00\" data-item-id=\"c01ac00\"><\/div><div class=\"e-add-item e-add-item_custommeta elementor-repeater-item-4116808\" data-item-id=\"4116808\"><\/div><div class=\"e-add-item e-add-item_custommeta elementor-repeater-item-cc3ce96\" data-item-id=\"cc3ce96\"><\/div><div class=\"e-add-item e-add-item_custommeta elementor-repeater-item-7d60d1f\" data-item-id=\"7d60d1f\"><\/div><\/div>            <\/div>\r\n                    <\/article>\r\n                    <\/div>\r\n                    <\/div>\r\n                \t\t\t\t<\/div>\n\t\t\t\t<\/div>\n\t\t\t\t<\/div>\n\t\t\t\t<\/div>","protected":false},"excerpt":{"rendered":"<p>FMG Test1 evangelische Freikirche3113 Rubigenhttps:\/\/www.testgemeinde.chGottesdienstzeiten1. Sonntag: 10:152. Sonntag: 10:153. Sonntag: 17:005. Sonntag: 10:15 FMG Region Zofingen 4802 Strengelbachhttps:\/\/fmgz.ch\/portal\/Gottesdienstzeiten1. Sonntag: 09:45 EEM-Bienne 2503 Biel\/Biennehttps:\/\/eemb.chGottesdienstzeiten1. Sonntag: 10:002. Sonntag: 10:003. Sonntag: 10:004. Sonntag: 10:005. Sonntag: 10:00 Wydenhof &#8211; Lebensqualit\u00e4t f\u00fcr Senioren 3113 Rubigenhttps:\/\/www.wydenhof-rubigen.chGottesdienstzeiten FMG Uster 8610 Usterhttps:\/\/www.fmg-uster.chGottesdienstzeiten1. Sonntag: 09:302. Sonntag: 09:303. Sonntag: 09:304. Sonntag: 09:305. Sonntag: 09:30 FOCUS [&hellip;]<\/p>","protected":false},"author":1,"featured_media":12548,"parent":0,"menu_order":0,"comment_status":"closed","ping_status":"closed","template":"elementor_header_footer","meta":{"footnotes":"","_links_to":"","_links_to_target":""},"class_list":["post-10286","page","type-page","status-publish","has-post-thumbnail","hentry"],"rankMath":{"parentDomain":"www.vfmg.ch","noFollowDomains":[],"noFollowExcludeDomains":[],"noFollowExternalLinks":false,"featuredImageNotice":"L\u2019image en vedette devrait \u00eatre au moins 200 par 200 pixels pour \u00eatre utilis\u00e9 par Facebook et d\u2019autres sites de m\u00e9dias sociaux.","pluginReviewed":false,"postSettings":{"linkSuggestions":true,"useFocusKeyword":false},"frontEndScore":false,"postName":"unsere-gemeinden","permalinkFormat":"https:\/\/www.vfmg.ch\/fr\/%pagename%\/","showLockModifiedDate":true,"assessor":{"focusKeywordLink":"https:\/\/www.vfmg.ch\/wp-admin\/edit.php?focus_keyword=%focus_keyword%&post_type=%post_type%","hasTOCPlugin":true,"primaryTaxonomy":false,"serpData":{"title":"","description":"","focusKeywords":"","pillarContent":false,"canonicalUrl":"","breadcrumbTitle":"","advancedRobots":{"max-snippet":"-1","max-video-preview":"-1","max-image-preview":"large"},"facebookTitle":"","facebookDescription":"","facebookImage":"","facebookImageID":"","facebookHasOverlay":false,"facebookImageOverlay":"","facebookAuthor":"","twitterCardType":"","twitterUseFacebook":true,"twitterTitle":"","twitterDescription":"","twitterImage":"","twitterImageID":"","twitterHasOverlay":false,"twitterImageOverlay":"","twitterPlayerUrl":"","twitterPlayerSize":"","twitterPlayerStream":"","twitterPlayerStreamCtype":"","twitterAppDescription":"","twitterAppIphoneName":"","twitterAppIphoneID":"","twitterAppIphoneUrl":"","twitterAppIpadName":"","twitterAppIpadID":"","twitterAppIpadUrl":"","twitterAppGoogleplayName":"","twitterAppGoogleplayID":"","twitterAppGoogleplayUrl":"","twitterAppCountry":"","robots":{"nofollow":true},"twitterAuthor":"identifiant","primaryTerm":0,"authorName":"adminVFMG","titleTemplate":"%title% %sep% %sitename%","descriptionTemplate":"%excerpt%","showScoreFrontend":true,"lockModifiedDate":false},"powerWords":["absolument","amazement","astonishing","authentique","beau","bien-\u00eatre","brillant","captivant","charismatique","choc","clair","compl\u00e8tement","confidentiel","confiance","cons\u00e9quent","cr\u00e9atif","d\u00e9finitivement","d\u00e9licieux","d\u00e9montrer","d\u00e9p\u00eachez-vous","d\u00e9termin\u00e9","digne","dynamique","\u00e9blouissant","\u00e9clatant","\u00e9conomique","\u00e9fficace","\u00e9l\u00e9gant","\u00e9motionnel","\u00e9nergique","\u00e9norme","\u00e9poustouflant","essentiel","\u00e9tonnant","exclusif","exp\u00e9rience","fabuleux","fantastique","formidable","fort","garanti","g\u00e9ant","g\u00e9n\u00e9reux","grandiose","gratuit","habile","harmonieux","historique","hors pair","important","incroyable","indispensable","inoubliable","inspirant","innovant","intense","invention","irr\u00e9sistible","l\u00e9gendaire","lumineux","luxe","magique","magnifique","majestueux","marquant","merveilleux","miraculeux","motivant","n\u00e9cessaire","nouvelle","officiel","parfait","passionn\u00e9","persuasif","ph\u00e9nom\u00e9nal","plaisir","populaire","pouvoir","prestigieux","prodigieux","profond","prosp\u00e8re","puissant","qualit\u00e9","radieux","rapide","r\u00e9ussi","r\u00e9volutionnaire","satisfait","s\u00e9curit\u00e9","sensationnel","serein","somptueux","splendide","sublime","surprenant","talentueux","terrifiant","unique","valeur","vibrant","victorieux","vif","vraiment","z\u00e9l\u00e9"],"diacritics":{"A":"[\\u0041\\u24B6\\uFF21\\u00C0\\u00C1\\u00C2\\u1EA6\\u1EA4\\u1EAA\\u1EA8\\u00C3\\u0100\\u0102\\u1EB0\\u1EAE\\u1EB4\\u1EB2\\u0226\\u01E0\\u00C4\\u01DE\\u1EA2\\u00C5\\u01FA\\u01CD\\u0200\\u0202\\u1EA0\\u1EAC\\u1EB6\\u1E00\\u0104\\u023A\\u2C6F]","AA":"[\\uA732]","AE":"[\\u00C6\\u01FC\\u01E2]","AO":"[\\uA734]","AU":"[\\uA736]","AV":"[\\uA738\\uA73A]","AY":"[\\uA73C]","B":"[\\u0042\\u24B7\\uFF22\\u1E02\\u1E04\\u1E06\\u0243\\u0182\\u0181]","C":"[\\u0043\\u24B8\\uFF23\\u0106\\u0108\\u010A\\u010C\\u00C7\\u1E08\\u0187\\u023B\\uA73E]","D":"[\\u0044\\u24B9\\uFF24\\u1E0A\\u010E\\u1E0C\\u1E10\\u1E12\\u1E0E\\u0110\\u018B\\u018A\\u0189\\uA779]","DZ":"[\\u01F1\\u01C4]","Dz":"[\\u01F2\\u01C5]","E":"[\\u0045\\u24BA\\uFF25\\u00C8\\u00C9\\u00CA\\u1EC0\\u1EBE\\u1EC4\\u1EC2\\u1EBC\\u0112\\u1E14\\u1E16\\u0114\\u0116\\u00CB\\u1EBA\\u011A\\u0204\\u0206\\u1EB8\\u1EC6\\u0228\\u1E1C\\u0118\\u1E18\\u1E1A\\u0190\\u018E]","F":"[\\u0046\\u24BB\\uFF26\\u1E1E\\u0191\\uA77B]","G":"[\\u0047\\u24BC\\uFF27\\u01F4\\u011C\\u1E20\\u011E\\u0120\\u01E6\\u0122\\u01E4\\u0193\\uA7A0\\uA77D\\uA77E]","H":"[\\u0048\\u24BD\\uFF28\\u0124\\u1E22\\u1E26\\u021E\\u1E24\\u1E28\\u1E2A\\u0126\\u2C67\\u2C75\\uA78D]","I":"[\\u0049\\u24BE\\uFF29\\u00CC\\u00CD\\u00CE\\u0128\\u012A\\u012C\\u0130\\u00CF\\u1E2E\\u1EC8\\u01CF\\u0208\\u020A\\u1ECA\\u012E\\u1E2C\\u0197]","J":"[\\u004A\\u24BF\\uFF2A\\u0134\\u0248]","K":"[\\u004B\\u24C0\\uFF2B\\u1E30\\u01E8\\u1E32\\u0136\\u1E34\\u0198\\u2C69\\uA740\\uA742\\uA744\\uA7A2]","L":"[\\u004C\\u24C1\\uFF2C\\u013F\\u0139\\u013D\\u1E36\\u1E38\\u013B\\u1E3C\\u1E3A\\u0141\\u023D\\u2C62\\u2C60\\uA748\\uA746\\uA780]","LJ":"[\\u01C7]","Lj":"[\\u01C8]","M":"[\\u004D\\u24C2\\uFF2D\\u1E3E\\u1E40\\u1E42\\u2C6E\\u019C]","N":"[\\u004E\\u24C3\\uFF2E\\u01F8\\u0143\\u00D1\\u1E44\\u0147\\u1E46\\u0145\\u1E4A\\u1E48\\u0220\\u019D\\uA790\\uA7A4]","NJ":"[\\u01CA]","Nj":"[\\u01CB]","O":"[\\u004F\\u24C4\\uFF2F\\u00D2\\u00D3\\u00D4\\u1ED2\\u1ED0\\u1ED6\\u1ED4\\u00D5\\u1E4C\\u022C\\u1E4E\\u014C\\u1E50\\u1E52\\u014E\\u022E\\u0230\\u00D6\\u022A\\u1ECE\\u0150\\u01D1\\u020C\\u020E\\u01A0\\u1EDC\\u1EDA\\u1EE0\\u1EDE\\u1EE2\\u1ECC\\u1ED8\\u01EA\\u01EC\\u00D8\\u01FE\\u0186\\u019F\\uA74A\\uA74C]","OI":"[\\u01A2]","OO":"[\\uA74E]","OU":"[\\u0222]","P":"[\\u0050\\u24C5\\uFF30\\u1E54\\u1E56\\u01A4\\u2C63\\uA750\\uA752\\uA754]","Q":"[\\u0051\\u24C6\\uFF31\\uA756\\uA758\\u024A]","R":"[\\u0052\\u24C7\\uFF32\\u0154\\u1E58\\u0158\\u0210\\u0212\\u1E5A\\u1E5C\\u0156\\u1E5E\\u024C\\u2C64\\uA75A\\uA7A6\\uA782]","S":"[\\u0053\\u24C8\\uFF33\\u1E9E\\u015A\\u1E64\\u015C\\u1E60\\u0160\\u1E66\\u1E62\\u1E68\\u0218\\u015E\\u2C7E\\uA7A8\\uA784]","T":"[\\u0054\\u24C9\\uFF34\\u1E6A\\u0164\\u1E6C\\u021A\\u0162\\u1E70\\u1E6E\\u0166\\u01AC\\u01AE\\u023E\\uA786]","TZ":"[\\uA728]","U":"[\\u0055\\u24CA\\uFF35\\u00D9\\u00DA\\u00DB\\u0168\\u1E78\\u016A\\u1E7A\\u016C\\u00DC\\u01DB\\u01D7\\u01D5\\u01D9\\u1EE6\\u016E\\u0170\\u01D3\\u0214\\u0216\\u01AF\\u1EEA\\u1EE8\\u1EEE\\u1EEC\\u1EF0\\u1EE4\\u1E72\\u0172\\u1E76\\u1E74\\u0244]","V":"[\\u0056\\u24CB\\uFF36\\u1E7C\\u1E7E\\u01B2\\uA75E\\u0245]","VY":"[\\uA760]","W":"[\\u0057\\u24CC\\uFF37\\u1E80\\u1E82\\u0174\\u1E86\\u1E84\\u1E88\\u2C72]","X":"[\\u0058\\u24CD\\uFF38\\u1E8A\\u1E8C]","Y":"[\\u0059\\u24CE\\uFF39\\u1EF2\\u00DD\\u0176\\u1EF8\\u0232\\u1E8E\\u0178\\u1EF6\\u1EF4\\u01B3\\u024E\\u1EFE]","Z":"[\\u005A\\u24CF\\uFF3A\\u0179\\u1E90\\u017B\\u017D\\u1E92\\u1E94\\u01B5\\u0224\\u2C7F\\u2C6B\\uA762]","a":"[\\u0061\\u24D0\\uFF41\\u1E9A\\u00E0\\u00E1\\u00E2\\u1EA7\\u1EA5\\u1EAB\\u1EA9\\u00E3\\u0101\\u0103\\u1EB1\\u1EAF\\u1EB5\\u1EB3\\u0227\\u01E1\\u00E4\\u01DF\\u1EA3\\u00E5\\u01FB\\u01CE\\u0201\\u0203\\u1EA1\\u1EAD\\u1EB7\\u1E01\\u0105\\u2C65\\u0250]","aa":"[\\uA733]","ae":"[\\u00E6\\u01FD\\u01E3]","ao":"[\\uA735]","au":"[\\uA737]","av":"[\\uA739\\uA73B]","ay":"[\\uA73D]","b":"[\\u0062\\u24D1\\uFF42\\u1E03\\u1E05\\u1E07\\u0180\\u0183\\u0253]","c":"[\\u0063\\u24D2\\uFF43\\u0107\\u0109\\u010B\\u010D\\u00E7\\u1E09\\u0188\\u023C\\uA73F\\u2184]","d":"[\\u0064\\u24D3\\uFF44\\u1E0B\\u010F\\u1E0D\\u1E11\\u1E13\\u1E0F\\u0111\\u018C\\u0256\\u0257\\uA77A]","dz":"[\\u01F3\\u01C6]","e":"[\\u0065\\u24D4\\uFF45\\u00E8\\u00E9\\u00EA\\u1EC1\\u1EBF\\u1EC5\\u1EC3\\u1EBD\\u0113\\u1E15\\u1E17\\u0115\\u0117\\u00EB\\u1EBB\\u011B\\u0205\\u0207\\u1EB9\\u1EC7\\u0229\\u1E1D\\u0119\\u1E19\\u1E1B\\u0247\\u025B\\u01DD]","f":"[\\u0066\\u24D5\\uFF46\\u1E1F\\u0192\\uA77C]","g":"[\\u0067\\u24D6\\uFF47\\u01F5\\u011D\\u1E21\\u011F\\u0121\\u01E7\\u0123\\u01E5\\u0260\\uA7A1\\u1D79\\uA77F]","h":"[\\u0068\\u24D7\\uFF48\\u0125\\u1E23\\u1E27\\u021F\\u1E25\\u1E29\\u1E2B\\u1E96\\u0127\\u2C68\\u2C76\\u0265]","hv":"[\\u0195]","i":"[\\u0069\\u24D8\\uFF49\\u00EC\\u00ED\\u00EE\\u0129\\u012B\\u012D\\u00EF\\u1E2F\\u1EC9\\u01D0\\u0209\\u020B\\u1ECB\\u012F\\u1E2D\\u0268\\u0131]","j":"[\\u006A\\u24D9\\uFF4A\\u0135\\u01F0\\u0249]","k":"[\\u006B\\u24DA\\uFF4B\\u1E31\\u01E9\\u1E33\\u0137\\u1E35\\u0199\\u2C6A\\uA741\\uA743\\uA745\\uA7A3]","l":"[\\u006C\\u24DB\\uFF4C\\u0140\\u013A\\u013E\\u1E37\\u1E39\\u013C\\u1E3D\\u1E3B\\u017F\\u0142\\u019A\\u026B\\u2C61\\uA749\\uA781\\uA747]","lj":"[\\u01C9]","m":"[\\u006D\\u24DC\\uFF4D\\u1E3F\\u1E41\\u1E43\\u0271\\u026F]","n":"[\\u006E\\u24DD\\uFF4E\\u01F9\\u0144\\u00F1\\u1E45\\u0148\\u1E47\\u0146\\u1E4B\\u1E49\\u019E\\u0272\\u0149\\uA791\\uA7A5]","nj":"[\\u01CC]","o":"[\\u006F\\u24DE\\uFF4F\\u00F2\\u00F3\\u00F4\\u1ED3\\u1ED1\\u1ED7\\u1ED5\\u00F5\\u1E4D\\u022D\\u1E4F\\u014D\\u1E51\\u1E53\\u014F\\u022F\\u0231\\u00F6\\u022B\\u1ECF\\u0151\\u01D2\\u020D\\u020F\\u01A1\\u1EDD\\u1EDB\\u1EE1\\u1EDF\\u1EE3\\u1ECD\\u1ED9\\u01EB\\u01ED\\u00F8\\u01FF\\u0254\\uA74B\\uA74D\\u0275]","oi":"[\\u01A3]","ou":"[\\u0223]","oo":"[\\uA74F]","p":"[\\u0070\\u24DF\\uFF50\\u1E55\\u1E57\\u01A5\\u1D7D\\uA751\\uA753\\uA755]","q":"[\\u0071\\u24E0\\uFF51\\u024B\\uA757\\uA759]","r":"[\\u0072\\u24E1\\uFF52\\u0155\\u1E59\\u0159\\u0211\\u0213\\u1E5B\\u1E5D\\u0157\\u1E5F\\u024D\\u027D\\uA75B\\uA7A7\\uA783]","s":"[\\u0073\\u24E2\\uFF53\\u015B\\u1E65\\u015D\\u1E61\\u0161\\u1E67\\u1E63\\u1E69\\u0219\\u015F\\u023F\\uA7A9\\uA785\\u1E9B]","ss":"[\\u00DF]","t":"[\\u0074\\u24E3\\uFF54\\u1E6B\\u1E97\\u0165\\u1E6D\\u021B\\u0163\\u1E71\\u1E6F\\u0167\\u01AD\\u0288\\u2C66\\uA787]","tz":"[\\uA729]","u":"[\\u0075\\u24E4\\uFF55\\u00F9\\u00FA\\u00FB\\u0169\\u1E79\\u016B\\u1E7B\\u016D\\u00FC\\u01DC\\u01D8\\u01D6\\u01DA\\u1EE7\\u016F\\u0171\\u01D4\\u0215\\u0217\\u01B0\\u1EEB\\u1EE9\\u1EEF\\u1EED\\u1EF1\\u1EE5\\u1E73\\u0173\\u1E77\\u1E75\\u0289]","v":"[\\u0076\\u24E5\\uFF56\\u1E7D\\u1E7F\\u028B\\uA75F\\u028C]","vy":"[\\uA761]","w":"[\\u0077\\u24E6\\uFF57\\u1E81\\u1E83\\u0175\\u1E87\\u1E85\\u1E98\\u1E89\\u2C73]","x":"[\\u0078\\u24E7\\uFF58\\u1E8B\\u1E8D]","y":"[\\u0079\\u24E8\\uFF59\\u1EF3\\u00FD\\u0177\\u1EF9\\u0233\\u1E8F\\u00FF\\u1EF7\\u1E99\\u1EF5\\u01B4\\u024F\\u1EFF]","z":"[\\u007A\\u24E9\\uFF5A\\u017A\\u1E91\\u017C\\u017E\\u1E93\\u1E95\\u01B6\\u0225\\u0240\\u2C6C\\uA763]"},"researchesTests":["contentHasTOC","contentHasShortParagraphs","contentHasAssets","keywordInTitle","keywordInMetaDescription","keywordInPermalink","keywordIn10Percent","keywordInContent","keywordInSubheadings","keywordInImageAlt","keywordDensity","keywordNotUsed","lengthContent","lengthPermalink","linksHasInternal","linksHasExternals","linksNotAllExternals","titleStartWithKeyword","titleSentiment","titleHasPowerWords","titleHasNumber","hasContentAI"],"hasRedirection":true,"hasBreadcrumb":false},"homeUrl":"https:\/\/www.vfmg.ch\/fr\/","objectID":10286,"objectType":"post","locale":"fr","localeFull":"fr_FR","overlayImages":{"play":{"name":"Ic\u00f4ne de lecture","url":"https:\/\/www.vfmg.ch\/wp-content\/plugins\/seo-by-rank-math\/assets\/admin\/img\/icon-play.png","path":"\/home\/clients\/0c0dc9aa3c070ad861f6e3576b127c40\/sites\/vfmg.ch\/wp-content\/plugins\/seo-by-rank-math\/assets\/admin\/img\/icon-play.png","position":"middle_center"},"gif":{"name":"Ic\u00f4ne GIF","url":"https:\/\/www.vfmg.ch\/wp-content\/plugins\/seo-by-rank-math\/assets\/admin\/img\/icon-gif.png","path":"\/home\/clients\/0c0dc9aa3c070ad861f6e3576b127c40\/sites\/vfmg.ch\/wp-content\/plugins\/seo-by-rank-math\/assets\/admin\/img\/icon-gif.png","position":"middle_center"}},"defautOgImage":"https:\/\/www.vfmg.ch\/wp-content\/plugins\/seo-by-rank-math\/assets\/admin\/img\/social-placeholder.jpg","customPermalinks":true,"isUserRegistered":false,"autoSuggestKeywords":false,"connectSiteUrl":"https:\/\/rankmath.com\/auth?site=https%3A%2F%2Fwww.vfmg.ch%2Ffr%2F&r=https%3A%2F%2Fwww.vfmg.ch%2Ffr%2Fwp-json%2Fwp%2Fv2%2Fpages%2F10286%3Fnonce%3D2deb2ff70c","maxTags":5,"trendsIcon":"<svg viewBox=\"0 0 610 610\"><path d=\"M18.85,446,174.32,290.48l58.08,58.08L76.93,504a14.54,14.54,0,0,1-20.55,0L18.83,466.48a14.54,14.54,0,0,1,0-20.55Z\" style=\"fill:#4285f4\"\/><path d=\"M242.65,242.66,377.59,377.6l-47.75,47.75a14.54,14.54,0,0,1-20.55,0L174.37,290.43l47.75-47.75A14.52,14.52,0,0,1,242.65,242.66Z\" style=\"fill:#ea4335\"\/><polygon points=\"319.53 319.53 479.26 159.8 537.34 217.88 377.61 377.62 319.53 319.53\" style=\"fill:#fabb05\"\/><path d=\"M594.26,262.73V118.61h0a16.94,16.94,0,0,0-16.94-16.94H433.2a16.94,16.94,0,0,0-12,28.92L565.34,274.71h0a16.94,16.94,0,0,0,28.92-12Z\" style=\"fill:#34a853\"\/><rect width=\"610\" height=\"610\" style=\"fill:none\"\/><\/svg>","showScore":true,"siteFavIcon":"https:\/\/www.vfmg.ch\/wp-content\/uploads\/2020\/07\/cropped-FMG_4f_mit_klein-1-32x32.png","canUser":{"general":false,"advanced":false,"snippet":false,"social":false,"analysis":false,"analytics":false,"content_ai":false},"showKeywordIntent":true,"isPro":false,"is_front_page":false,"trendsUpgradeLink":"https:\/\/rankmath.com\/pricing\/?utm_source=Plugin&utm_medium=CE%20General%20Tab%20Trends&utm_campaign=WP","trendsUpgradeLabel":"Mettre \u00e0 niveau","trendsPreviewImage":"https:\/\/www.vfmg.ch\/wp-content\/plugins\/seo-by-rank-math\/assets\/admin\/img\/trends-preview.jpg","currentEditor":false,"homepageData":{"assessor":{"powerWords":["absolument","amazement","astonishing","authentique","beau","bien-\u00eatre","brillant","captivant","charismatique","choc","clair","compl\u00e8tement","confidentiel","confiance","cons\u00e9quent","cr\u00e9atif","d\u00e9finitivement","d\u00e9licieux","d\u00e9montrer","d\u00e9p\u00eachez-vous","d\u00e9termin\u00e9","digne","dynamique","\u00e9blouissant","\u00e9clatant","\u00e9conomique","\u00e9fficace","\u00e9l\u00e9gant","\u00e9motionnel","\u00e9nergique","\u00e9norme","\u00e9poustouflant","essentiel","\u00e9tonnant","exclusif","exp\u00e9rience","fabuleux","fantastique","formidable","fort","garanti","g\u00e9ant","g\u00e9n\u00e9reux","grandiose","gratuit","habile","harmonieux","historique","hors pair","important","incroyable","indispensable","inoubliable","inspirant","innovant","intense","invention","irr\u00e9sistible","l\u00e9gendaire","lumineux","luxe","magique","magnifique","majestueux","marquant","merveilleux","miraculeux","motivant","n\u00e9cessaire","nouvelle","officiel","parfait","passionn\u00e9","persuasif","ph\u00e9nom\u00e9nal","plaisir","populaire","pouvoir","prestigieux","prodigieux","profond","prosp\u00e8re","puissant","qualit\u00e9","radieux","rapide","r\u00e9ussi","r\u00e9volutionnaire","satisfait","s\u00e9curit\u00e9","sensationnel","serein","somptueux","splendide","sublime","surprenant","talentueux","terrifiant","unique","valeur","vibrant","victorieux","vif","vraiment","z\u00e9l\u00e9"],"diacritics":true,"researchesTests":["contentHasTOC","contentHasShortParagraphs","contentHasAssets","keywordInTitle","keywordInMetaDescription","keywordInPermalink","keywordIn10Percent","keywordInContent","keywordInSubheadings","keywordInImageAlt","keywordDensity","keywordNotUsed","lengthContent","lengthPermalink","linksHasInternal","linksHasExternals","linksNotAllExternals","titleStartWithKeyword","titleSentiment","titleHasPowerWords","titleHasNumber","hasContentAI"],"hasBreadcrumb":false,"serpData":{"title":"%sitename% %page% %sep% %sitedesc%","description":"","titleTemplate":"%sitename% %page% %sep% %sitedesc%","descriptionTemplate":"","focusKeywords":"","breadcrumbTitle":"Home","robots":{"index":true},"advancedRobots":{"max-snippet":"-1","max-video-preview":"-1","max-image-preview":"large"},"facebookTitle":"","facebookDescription":"","facebookImage":"","facebookImageID":""}}},"tocTitle":"Table of Contents","tocExcludeHeadings":[],"listStyle":"ul"},"_links":{"self":[{"href":"https:\/\/www.vfmg.ch\/fr\/wp-json\/wp\/v2\/pages\/10286","targetHints":{"allow":["GET"]}}],"collection":[{"href":"https:\/\/www.vfmg.ch\/fr\/wp-json\/wp\/v2\/pages"}],"about":[{"href":"https:\/\/www.vfmg.ch\/fr\/wp-json\/wp\/v2\/types\/page"}],"author":[{"embeddable":true,"href":"https:\/\/www.vfmg.ch\/fr\/wp-json\/wp\/v2\/users\/1"}],"replies":[{"embeddable":true,"href":"https:\/\/www.vfmg.ch\/fr\/wp-json\/wp\/v2\/comments?post=10286"}],"version-history":[{"count":0,"href":"https:\/\/www.vfmg.ch\/fr\/wp-json\/wp\/v2\/pages\/10286\/revisions"}],"wp:featuredmedia":[{"embeddable":true,"href":"https:\/\/www.vfmg.ch\/fr\/wp-json\/wp\/v2\/media\/12548"}],"wp:attachment":[{"href":"https:\/\/www.vfmg.ch\/fr\/wp-json\/wp\/v2\/media?parent=10286"}],"curies":[{"name":"wp","href":"https:\/\/api.w.org\/{rel}","templated":true}]}}